{"id":70,"date":"2025-11-14T19:01:56","date_gmt":"2025-11-14T19:01:56","guid":{"rendered":"https:\/\/cichost.m344.net\/instituto\/?page_id=70"},"modified":"2026-02-13T11:38:47","modified_gmt":"2026-02-13T14:38:47","slug":"pastoral","status":"publish","type":"page","link":"https:\/\/cichost.m344.net\/instituto\/pastoral\/","title":{"rendered":"Pastoral"},"content":{"rendered":"\t\t<div data-elementor-type=\"wp-page\" data-elementor-id=\"70\" class=\"elementor elementor-70\" data-elementor-post-type=\"page\">\n\t\t\t\t<div class=\"elementor-element elementor-element-388b911 e-flex e-con-boxed e-con e-parent\" data-id=\"388b911\" data-element_type=\"container\" data-e-type=\"container\" data-settings=\"{&quot;background_background&quot;:&quot;classic&quot;}\">\n\t\t\t\t\t<div class=\"e-con-inner\">\n\t\t<div class=\"elementor-element elementor-element-27b3fce e-con-full e-flex e-con e-child\" data-id=\"27b3fce\" data-element_type=\"container\" data-e-type=\"container\">\n\t\t\t\t<div class=\"elementor-element elementor-element-0013703 elementor-icon-list--layout-inline elementor-align-start elementor-list-item-link-full_width elementor-widget elementor-widget-icon-list\" data-id=\"0013703\" data-element_type=\"widget\" data-e-type=\"widget\" data-widget_type=\"icon-list.default\">\n\t\t\t\t\t\t\t<ul class=\"elementor-icon-list-items elementor-inline-items\">\n\t\t\t\t\t\t\t<li class=\"elementor-icon-list-item elementor-inline-item\">\n\t\t\t\t\t\t\t\t\t\t\t<a href=\"https:\/\/www.google.com\/maps\/place\/Instituto+Inmaculada+Concepci%C3%B3n\/@-34.6028166,-58.4190909,17z\/data=!3m1!4b1!4m6!3m5!1s0x95bcca8a1ca852c7:0x55677e8c477eeee1!8m2!3d-34.6028166!4d-58.416516!16s%2Fg%2F1thtqscf?entry=ttu&#038;g_ep=EgoyMDI1MTExMS4wIKXMDSoASAFQAw%3D%3D\" target=\"_blank\">\n\n\t\t\t\t\t\t\t\t\t\t\t\t<span class=\"elementor-icon-list-icon\">\n\t\t\t\t\t\t\t<svg aria-hidden=\"true\" class=\"e-font-icon-svg e-fas-map-marker-alt\" viewBox=\"0 0 384 512\" xmlns=\"http:\/\/www.w3.org\/2000\/svg\"><path d=\"M172.268 501.67C26.97 291.031 0 269.413 0 192 0 85.961 85.961 0 192 0s192 85.961 192 192c0 77.413-26.97 99.031-172.268 309.67-9.535 13.774-29.93 13.773-39.464 0zM192 272c44.183 0 80-35.817 80-80s-35.817-80-80-80-80 35.817-80 80 35.817 80 80 80z\"><\/path><\/svg>\t\t\t\t\t\t<\/span>\n\t\t\t\t\t\t\t\t\t\t<span class=\"elementor-icon-list-text\">Mario Bravo 563 C1175ABI CABA<\/span>\n\t\t\t\t\t\t\t\t\t\t\t<\/a>\n\t\t\t\t\t\t\t\t\t<\/li>\n\t\t\t\t\t\t\t\t<li class=\"elementor-icon-list-item elementor-inline-item\">\n\t\t\t\t\t\t\t\t\t\t\t<a href=\"tel:+541170932120\" target=\"_blank\">\n\n\t\t\t\t\t\t\t\t\t\t\t\t<span class=\"elementor-icon-list-icon\">\n\t\t\t\t\t\t\t<svg aria-hidden=\"true\" class=\"e-font-icon-svg e-fas-phone-alt\" viewBox=\"0 0 512 512\" xmlns=\"http:\/\/www.w3.org\/2000\/svg\"><path d=\"M497.39 361.8l-112-48a24 24 0 0 0-28 6.9l-49.6 60.6A370.66 370.66 0 0 1 130.6 204.11l60.6-49.6a23.94 23.94 0 0 0 6.9-28l-48-112A24.16 24.16 0 0 0 122.6.61l-104 24A24 24 0 0 0 0 48c0 256.5 207.9 464 464 464a24 24 0 0 0 23.4-18.6l24-104a24.29 24.29 0 0 0-14.01-27.6z\"><\/path><\/svg>\t\t\t\t\t\t<\/span>\n\t\t\t\t\t\t\t\t\t\t<span class=\"elementor-icon-list-text\">+5411 7093-2120<\/span>\n\t\t\t\t\t\t\t\t\t\t\t<\/a>\n\t\t\t\t\t\t\t\t\t<\/li>\n\t\t\t\t\t\t\t\t<li class=\"elementor-icon-list-item elementor-inline-item\">\n\t\t\t\t\t\t\t\t\t\t\t<span class=\"elementor-icon-list-icon\">\n\t\t\t\t\t\t\t<svg aria-hidden=\"true\" class=\"e-font-icon-svg e-fas-clock\" viewBox=\"0 0 512 512\" xmlns=\"http:\/\/www.w3.org\/2000\/svg\"><path d=\"M256,8C119,8,8,119,8,256S119,504,256,504,504,393,504,256,393,8,256,8Zm92.49,313h0l-20,25a16,16,0,0,1-22.49,2.5h0l-67-49.72a40,40,0,0,1-15-31.23V112a16,16,0,0,1,16-16h32a16,16,0,0,1,16,16V256l58,42.5A16,16,0,0,1,348.49,321Z\"><\/path><\/svg>\t\t\t\t\t\t<\/span>\n\t\t\t\t\t\t\t\t\t\t<span class=\"elementor-icon-list-text\">Lu a Vi: 8.00 a 17.00<\/span>\n\t\t\t\t\t\t\t\t\t<\/li>\n\t\t\t\t\t\t\t\t<li class=\"elementor-icon-list-item elementor-inline-item\">\n\t\t\t\t\t\t\t\t\t\t\t<a href=\"mailto:info@cic.fic.org.ar\" target=\"_blank\">\n\n\t\t\t\t\t\t\t\t\t\t\t\t<span class=\"elementor-icon-list-icon\">\n\t\t\t\t\t\t\t<svg aria-hidden=\"true\" class=\"e-font-icon-svg e-fas-envelope\" viewBox=\"0 0 512 512\" xmlns=\"http:\/\/www.w3.org\/2000\/svg\"><path d=\"M502.3 190.8c3.9-3.1 9.7-.2 9.7 4.7V400c0 26.5-21.5 48-48 48H48c-26.5 0-48-21.5-48-48V195.6c0-5 5.7-7.8 9.7-4.7 22.4 17.4 52.1 39.5 154.1 113.6 21.1 15.4 56.7 47.8 92.2 47.6 35.7.3 72-32.8 92.3-47.6 102-74.1 131.6-96.3 154-113.7zM256 320c23.2.4 56.6-29.2 73.4-41.4 132.7-96.3 142.8-104.7 173.4-128.7 5.8-4.5 9.2-11.5 9.2-18.9v-19c0-26.5-21.5-48-48-48H48C21.5 64 0 85.5 0 112v19c0 7.4 3.4 14.3 9.2 18.9 30.6 23.9 40.7 32.4 173.4 128.7 16.8 12.2 50.2 41.8 73.4 41.4z\"><\/path><\/svg>\t\t\t\t\t\t<\/span>\n\t\t\t\t\t\t\t\t\t\t<span class=\"elementor-icon-list-text\">info@cic.fic.org.ar<\/span>\n\t\t\t\t\t\t\t\t\t\t\t<\/a>\n\t\t\t\t\t\t\t\t\t<\/li>\n\t\t\t\t\t\t<\/ul>\n\t\t\t\t\t\t<\/div>\n\t\t\t\t<\/div>\n\t\t<div class=\"elementor-element elementor-element-2e3ef81 e-con-full e-flex e-con e-child\" data-id=\"2e3ef81\" data-element_type=\"container\" data-e-type=\"container\">\n\t\t\t\t<div class=\"elementor-element elementor-element-9395797 elementor-widget__width-initial elementor-widget elementor-widget-xpro-social-icon\" data-id=\"9395797\" data-element_type=\"widget\" data-e-type=\"widget\" data-widget_type=\"xpro-social-icon.default\">\n\t\t\t\t\t\n<!-- Social Icon -->\n<ul class=\"xpro-social-icon-wrapper default\">\n\t\t\t<li class=\"elementor-repeater-item-6d28619\">\n\t\t\t<a class=\"xpro-social-icon xpro-button-2d-animation hvr-grow elementor-social-icon-instagram \" href=\"https:\/\/www.instagram.com\/cicbue\/\"  target=&quot;_blank&quot;>\t\t\t<svg aria-hidden=\"true\" class=\"e-font-icon-svg e-fab-instagram\" viewBox=\"0 0 448 512\" xmlns=\"http:\/\/www.w3.org\/2000\/svg\"><path d=\"M224.1 141c-63.6 0-114.9 51.3-114.9 114.9s51.3 114.9 114.9 114.9S339 319.5 339 255.9 287.7 141 224.1 141zm0 189.6c-41.1 0-74.7-33.5-74.7-74.7s33.5-74.7 74.7-74.7 74.7 33.5 74.7 74.7-33.6 74.7-74.7 74.7zm146.4-194.3c0 14.9-12 26.8-26.8 26.8-14.9 0-26.8-12-26.8-26.8s12-26.8 26.8-26.8 26.8 12 26.8 26.8zm76.1 27.2c-1.7-35.9-9.9-67.7-36.2-93.9-26.2-26.2-58-34.4-93.9-36.2-37-2.1-147.9-2.1-184.9 0-35.8 1.7-67.6 9.9-93.9 36.1s-34.4 58-36.2 93.9c-2.1 37-2.1 147.9 0 184.9 1.7 35.9 9.9 67.7 36.2 93.9s58 34.4 93.9 36.2c37 2.1 147.9 2.1 184.9 0 35.9-1.7 67.7-9.9 93.9-36.2 26.2-26.2 34.4-58 36.2-93.9 2.1-37 2.1-147.8 0-184.8zM398.8 388c-7.8 19.6-22.9 34.7-42.6 42.6-29.5 11.7-99.5 9-132.1 9s-102.7 2.6-132.1-9c-19.6-7.8-34.7-22.9-42.6-42.6-11.7-29.5-9-99.5-9-132.1s-2.6-102.7 9-132.1c7.8-19.6 22.9-34.7 42.6-42.6 29.5-11.7 99.5-9 132.1-9s102.7-2.6 132.1 9c19.6 7.8 34.7 22.9 42.6 42.6 11.7 29.5 9 99.5 9 132.1s2.7 102.7-9 132.1z\"><\/path><\/svg>\t\t\t\t\t\t<\/a>\t\t<\/li>\n\t\t\t<li class=\"elementor-repeater-item-901f6fd\">\n\t\t\t<a class=\"xpro-social-icon xpro-button-2d-animation hvr-grow elementor-social-icon-youtube \" href=\"https:\/\/www.youtube.com\/@cicbue\"  target=&quot;_blank&quot;>\t\t\t<svg aria-hidden=\"true\" class=\"e-font-icon-svg e-fab-youtube\" viewBox=\"0 0 576 512\" xmlns=\"http:\/\/www.w3.org\/2000\/svg\"><path d=\"M549.655 124.083c-6.281-23.65-24.787-42.276-48.284-48.597C458.781 64 288 64 288 64S117.22 64 74.629 75.486c-23.497 6.322-42.003 24.947-48.284 48.597-11.412 42.867-11.412 132.305-11.412 132.305s0 89.438 11.412 132.305c6.281 23.65 24.787 41.5 48.284 47.821C117.22 448 288 448 288 448s170.78 0 213.371-11.486c23.497-6.321 42.003-24.171 48.284-47.821 11.412-42.867 11.412-132.305 11.412-132.305s0-89.438-11.412-132.305zm-317.51 213.508V175.185l142.739 81.205-142.739 81.201z\"><\/path><\/svg>\t\t\t\t\t\t<\/a>\t\t<\/li>\n\t<\/ul>\n\t\t\t\t<\/div>\n\t\t\t\t<\/div>\n\t\t\t\t\t<\/div>\n\t\t\t\t<\/div>\n\t\t\t\t<section class=\"elementor-section elementor-top-section elementor-element elementor-element-426821d elementor-section-content-middle elementor-section-boxed elementor-section-height-default elementor-section-height-default\" data-id=\"426821d\" data-element_type=\"section\" data-e-type=\"section\" data-settings=\"{&quot;background_background&quot;:&quot;classic&quot;}\">\n\t\t\t\t\t\t<div class=\"elementor-container elementor-column-gap-default\">\n\t\t\t\t\t<div class=\"elementor-column elementor-col-33 elementor-top-column elementor-element elementor-element-b2efe7c\" data-id=\"b2efe7c\" data-element_type=\"column\" data-e-type=\"column\">\n\t\t\t<div class=\"elementor-widget-wrap elementor-element-populated\">\n\t\t\t\t\t\t<div class=\"elementor-element elementor-element-9e8f1ed elementor-widget__width-initial elementor-widget elementor-widget-xpro-site-logo\" data-id=\"9e8f1ed\" data-element_type=\"widget\" data-e-type=\"widget\" data-widget_type=\"xpro-site-logo.default\">\n\t\t\t\t\t<a href=\"https:\/\/cichost.m344.net\/instituto\">\n\t<div class=\"xpro-site-logo\">\n\t\t<img decoding=\"async\" width=\"300\" height=\"131\" src=\"https:\/\/cichost.m344.net\/instituto\/wp-content\/uploads\/2025\/11\/Escudo-Fic-Completo-1-300x131.png\" class=\"attachment-medium size-medium wp-image-154\" alt=\"\" srcset=\"https:\/\/cichost.m344.net\/instituto\/wp-content\/uploads\/2025\/11\/Escudo-Fic-Completo-1-300x131.png 300w, https:\/\/cichost.m344.net\/instituto\/wp-content\/uploads\/2025\/11\/Escudo-Fic-Completo-1-1024x448.png 1024w, https:\/\/cichost.m344.net\/instituto\/wp-content\/uploads\/2025\/11\/Escudo-Fic-Completo-1-768x336.png 768w, https:\/\/cichost.m344.net\/instituto\/wp-content\/uploads\/2025\/11\/Escudo-Fic-Completo-1-1536x672.png 1536w, https:\/\/cichost.m344.net\/instituto\/wp-content\/uploads\/2025\/11\/Escudo-Fic-Completo-1.png 1890w\" sizes=\"(max-width: 300px) 100vw, 300px\" \/>\t<\/div>\n<\/a>\n\t\t\t\t<\/div>\n\t\t\t\t\t<\/div>\n\t\t<\/div>\n\t\t\t\t<div class=\"elementor-column elementor-col-33 elementor-top-column elementor-element elementor-element-b171f53\" data-id=\"b171f53\" data-element_type=\"column\" data-e-type=\"column\">\n\t\t\t<div class=\"elementor-widget-wrap elementor-element-populated\">\n\t\t\t\t\t\t<div class=\"elementor-element elementor-element-d20199e elementor-widget__width-initial elementor-align-right elementor-widget elementor-widget-xpro-horizontal-menu\" data-id=\"d20199e\" data-element_type=\"widget\" data-e-type=\"widget\" data-settings=\"{&quot;responsive_show&quot;:&quot;tablet&quot;}\" data-widget_type=\"xpro-horizontal-menu.default\">\n\t\t\t\t\t<div class=\"xpro-elementor-horizontal-navbar-wrapper xpro-elementor-horizontal-menu-responsive-tablet xpro-push-right\">\n\n\t\t<button type=\"button\" class=\"xpro-elementor-horizontal-menu-close\">\n\t\t<i aria-hidden=\"true\" class=\"fas fa-times\"><\/i>\t<\/button>\n\t\n\t<div class=\"xpro-elementor-horizontal-navbar xpro-elementor-horizontal-menu-style-lineTopBottom\"><ul id=\"menu-menu\" class=\"xpro-elementor-horizontal-navbar-nav\"><li itemscope=\"itemscope\" itemtype=\"https:\/\/www.schema.org\/SiteNavigationElement\" id=\"menu-item-91\" class=\"menu-item menu-item-type-post_type menu-item-object-page menu-item-home menu-item-91 nav-item\"><a href=\"https:\/\/cichost.m344.net\/instituto\/\" class=\"xpro-elementor-nav-link\">Inicio<\/a><\/li>\n<li itemscope=\"itemscope\" itemtype=\"https:\/\/www.schema.org\/SiteNavigationElement\" id=\"menu-item-100\" class=\"menu-item menu-item-type-post_type menu-item-object-page menu-item-has-children dropdown menu-item-100 nav-item\"><a href=\"https:\/\/cichost.m344.net\/instituto\/propuestaeducativa\/\" data-toggle=\"dropdown\" aria-haspopup=\"true\" aria-expanded=\"false\" class=\"dropdown-toggle nav-link\" id=\"menu-item-dropdown-100\">Propuesta Educativa<span class=\"xpro-dropdown-menu-toggle\"><\/span><\/a>\n<ul class=\"xpro-elementor-dropdown-menu\" aria-labelledby=\"menu-item-dropdown-100\" role=\"menu\">\n\t<li itemscope=\"itemscope\" itemtype=\"https:\/\/www.schema.org\/SiteNavigationElement\" id=\"menu-item-300\" class=\"menu-item menu-item-type-post_type menu-item-object-page menu-item-300 nav-item\"><a href=\"https:\/\/cichost.m344.net\/instituto\/nivel-inicial\/\" class=\"xpro-elementor-dropdown-item\">Nivel Inicial<\/a><\/li>\n\t<li itemscope=\"itemscope\" itemtype=\"https:\/\/www.schema.org\/SiteNavigationElement\" id=\"menu-item-710\" class=\"menu-item menu-item-type-post_type menu-item-object-page menu-item-710 nav-item\"><a href=\"https:\/\/cichost.m344.net\/instituto\/nivel-primario\/\" class=\"xpro-elementor-dropdown-item\">Nivel Primario<\/a><\/li>\n\t<li itemscope=\"itemscope\" itemtype=\"https:\/\/www.schema.org\/SiteNavigationElement\" id=\"menu-item-709\" class=\"menu-item menu-item-type-post_type menu-item-object-page menu-item-709 nav-item\"><a href=\"https:\/\/cichost.m344.net\/instituto\/nivel-medio\/\" class=\"xpro-elementor-dropdown-item\">Nivel Medio<\/a><\/li>\n\t<li itemscope=\"itemscope\" itemtype=\"https:\/\/www.schema.org\/SiteNavigationElement\" id=\"menu-item-836\" class=\"menu-item menu-item-type-post_type menu-item-object-page menu-item-836 nav-item\"><a href=\"https:\/\/cichost.m344.net\/instituto\/nivel-superior\/\" class=\"xpro-elementor-dropdown-item\">Nivel Superior<\/a><\/li>\n<\/ul>\n<\/li>\n<li itemscope=\"itemscope\" itemtype=\"https:\/\/www.schema.org\/SiteNavigationElement\" id=\"menu-item-83\" class=\"menu-item menu-item-type-post_type menu-item-object-page menu-item-has-children dropdown menu-item-83 nav-item\"><a href=\"https:\/\/cichost.m344.net\/instituto\/vida-escolar\/\" data-toggle=\"dropdown\" aria-haspopup=\"true\" aria-expanded=\"false\" class=\"dropdown-toggle nav-link\" id=\"menu-item-dropdown-83\">Vida Escolar<span class=\"xpro-dropdown-menu-toggle\"><\/span><\/a>\n<ul class=\"xpro-elementor-dropdown-menu\" aria-labelledby=\"menu-item-dropdown-83\" role=\"menu\">\n\t<li itemscope=\"itemscope\" itemtype=\"https:\/\/www.schema.org\/SiteNavigationElement\" id=\"menu-item-1013\" class=\"menu-item menu-item-type-post_type menu-item-object-page menu-item-1013 nav-item\"><a href=\"https:\/\/cichost.m344.net\/instituto\/orientacion\/\" class=\"xpro-elementor-dropdown-item\">Orientaci\u00f3n<\/a><\/li>\n\t<li itemscope=\"itemscope\" itemtype=\"https:\/\/www.schema.org\/SiteNavigationElement\" id=\"menu-item-685\" class=\"menu-item menu-item-type-post_type menu-item-object-page menu-item-685 nav-item\"><a href=\"https:\/\/cichost.m344.net\/instituto\/instituto-de-ingles\/\" class=\"xpro-elementor-dropdown-item\">Instituto de Ingl\u00e9s<\/a><\/li>\n\t<li itemscope=\"itemscope\" itemtype=\"https:\/\/www.schema.org\/SiteNavigationElement\" id=\"menu-item-718\" class=\"menu-item menu-item-type-post_type menu-item-object-page menu-item-718 nav-item\"><a href=\"https:\/\/cichost.m344.net\/instituto\/ateneo-2\/\" class=\"xpro-elementor-dropdown-item\">Ateneo<\/a><\/li>\n\t<li itemscope=\"itemscope\" itemtype=\"https:\/\/www.schema.org\/SiteNavigationElement\" id=\"menu-item-973\" class=\"menu-item menu-item-type-post_type menu-item-object-page menu-item-973 nav-item\"><a href=\"https:\/\/cichost.m344.net\/instituto\/campus\/\" class=\"xpro-elementor-dropdown-item\">Campus<\/a><\/li>\n\t<li itemscope=\"itemscope\" itemtype=\"https:\/\/www.schema.org\/SiteNavigationElement\" id=\"menu-item-726\" class=\"menu-item menu-item-type-post_type menu-item-object-page menu-item-726 nav-item\"><a href=\"https:\/\/cichost.m344.net\/instituto\/ex-alumnos\/\" class=\"xpro-elementor-dropdown-item\">Ex Alumnos<\/a><\/li>\n\t<li itemscope=\"itemscope\" itemtype=\"https:\/\/www.schema.org\/SiteNavigationElement\" id=\"menu-item-1330\" class=\"menu-item menu-item-type-custom menu-item-object-custom menu-item-home menu-item-1330 nav-item\"><a href=\"https:\/\/cichost.m344.net\/instituto\/#novedades\" class=\"xpro-elementor-dropdown-item\">Novedades<\/a><\/li>\n<\/ul>\n<\/li>\n<li itemscope=\"itemscope\" itemtype=\"https:\/\/www.schema.org\/SiteNavigationElement\" id=\"menu-item-84\" class=\"menu-item menu-item-type-post_type menu-item-object-page menu-item-84 nav-item\"><a href=\"https:\/\/cichost.m344.net\/instituto\/pastoral\/\" class=\"xpro-elementor-nav-link\">Pastoral<\/a><\/li>\n<li itemscope=\"itemscope\" itemtype=\"https:\/\/www.schema.org\/SiteNavigationElement\" id=\"menu-item-86\" class=\"menu-item menu-item-type-post_type menu-item-object-page menu-item-has-children dropdown menu-item-86 nav-item\"><a href=\"https:\/\/cichost.m344.net\/instituto\/nosotros\/\" data-toggle=\"dropdown\" aria-haspopup=\"true\" aria-expanded=\"false\" class=\"dropdown-toggle nav-link\" id=\"menu-item-dropdown-86\">Nosotros<span class=\"xpro-dropdown-menu-toggle\"><\/span><\/a>\n<ul class=\"xpro-elementor-dropdown-menu\" aria-labelledby=\"menu-item-dropdown-86\" role=\"menu\">\n\t<li itemscope=\"itemscope\" itemtype=\"https:\/\/www.schema.org\/SiteNavigationElement\" id=\"menu-item-694\" class=\"menu-item menu-item-type-post_type menu-item-object-page menu-item-694 nav-item\"><a href=\"https:\/\/cichost.m344.net\/instituto\/administracion\/\" class=\"xpro-elementor-dropdown-item\">Administraci\u00f3n<\/a><\/li>\n\t<li itemscope=\"itemscope\" itemtype=\"https:\/\/www.schema.org\/SiteNavigationElement\" id=\"menu-item-734\" class=\"menu-item menu-item-type-post_type menu-item-object-page menu-item-734 nav-item\"><a href=\"https:\/\/cichost.m344.net\/instituto\/secretaria\/\" class=\"xpro-elementor-dropdown-item\">Secretar\u00eda<\/a><\/li>\n\t<li itemscope=\"itemscope\" itemtype=\"https:\/\/www.schema.org\/SiteNavigationElement\" id=\"menu-item-686\" class=\"menu-item menu-item-type-post_type menu-item-object-page menu-item-686 nav-item\"><a href=\"https:\/\/cichost.m344.net\/instituto\/recursos-humanos\/\" class=\"xpro-elementor-dropdown-item\">Recursos Humanos<\/a><\/li>\n\t<li itemscope=\"itemscope\" itemtype=\"https:\/\/www.schema.org\/SiteNavigationElement\" id=\"menu-item-745\" class=\"menu-item menu-item-type-custom menu-item-object-custom menu-item-745 nav-item\"><a href=\"https:\/\/www.fic.org.ar\/\" class=\"xpro-elementor-dropdown-item\">Congregaci\u00f3n<\/a><\/li>\n<\/ul>\n<\/li>\n<li itemscope=\"itemscope\" itemtype=\"https:\/\/www.schema.org\/SiteNavigationElement\" id=\"menu-item-82\" class=\"menu-item menu-item-type-post_type menu-item-object-page menu-item-82 nav-item\"><a href=\"https:\/\/cichost.m344.net\/instituto\/contacto\/\" class=\"xpro-elementor-nav-link\">Contacto<\/a><\/li>\n<\/ul><\/div><\/div>\n\n<div class=\"xpro-elementor-horizontal-menu-overlay\"><\/div>\n\n<div class=\"xpro-elementor-horizontal-menu-toggler-wrapper\">\n\t<button type=\"button\" class=\"xpro-elementor-horizontal-menu-toggler\">\n\t\t<i aria-hidden=\"true\" class=\"fas fa-bars\"><\/i>\t<\/button>\n<\/div>\n\t\t\t\t<\/div>\n\t\t\t\t\t<\/div>\n\t\t<\/div>\n\t\t\t\t<div class=\"elementor-column elementor-col-33 elementor-top-column elementor-element elementor-element-121b765\" data-id=\"121b765\" data-element_type=\"column\" data-e-type=\"column\">\n\t\t\t<div class=\"elementor-widget-wrap elementor-element-populated\">\n\t\t\t\t\t\t<div class=\"elementor-element elementor-element-67ff6bf elementor-align-right elementor-widget__width-auto elementor-widget elementor-widget-xpro-button\" data-id=\"67ff6bf\" data-element_type=\"widget\" data-e-type=\"widget\" data-widget_type=\"xpro-button.default\">\n\t\t\t\t\t\n<a  href=\"https:\/\/cichost.m344.net\/instituto\/inscripciones\/\" class=\"xpro-elementor-button xpro-elementor-button-animation-none xpro-align-icon-right\">\n<span class=\"xpro-elementor-button-inner\">\n<span class=\"xpro-button-text\">INSCRIPCIONES<\/span>\n<\/span>\n<\/a>\n\t\t\t\t<\/div>\n\t\t\t\t\t<\/div>\n\t\t<\/div>\n\t\t\t\t\t<\/div>\n\t\t<\/section>\n\t\t<div class=\"elementor-element elementor-element-84af0e2 e-flex e-con-boxed e-con e-parent\" data-id=\"84af0e2\" data-element_type=\"container\" data-e-type=\"container\" data-settings=\"{&quot;background_background&quot;:&quot;classic&quot;}\">\n\t\t\t\t\t<div class=\"e-con-inner\">\n\t\t\t\t<div class=\"elementor-element elementor-element-c5d9f84 elementor-icon-list--layout-inline elementor-align-end elementor-tablet-align-center elementor-mobile-align-center elementor-list-item-link-full_width elementor-widget elementor-widget-icon-list\" data-id=\"c5d9f84\" data-element_type=\"widget\" data-e-type=\"widget\" data-widget_type=\"icon-list.default\">\n\t\t\t\t\t\t\t<ul class=\"elementor-icon-list-items elementor-inline-items\">\n\t\t\t\t\t\t\t<li class=\"elementor-icon-list-item elementor-inline-item\">\n\t\t\t\t\t\t\t\t\t\t\t<a href=\"https:\/\/ateneo.cicbue.edu.ar\/\" target=\"_blank\">\n\n\t\t\t\t\t\t\t\t\t\t\t<span class=\"elementor-icon-list-text\">ATENEO DEPORTIVO<\/span>\n\t\t\t\t\t\t\t\t\t\t\t<\/a>\n\t\t\t\t\t\t\t\t\t<\/li>\n\t\t\t\t\t\t\t\t<li class=\"elementor-icon-list-item elementor-inline-item\">\n\t\t\t\t\t\t\t\t\t\t\t<a href=\"https:\/\/www.fic.org.ar\/\" target=\"_blank\">\n\n\t\t\t\t\t\t\t\t\t\t\t<span class=\"elementor-icon-list-text\">CONGREGACI\u00d3N<\/span>\n\t\t\t\t\t\t\t\t\t\t\t<\/a>\n\t\t\t\t\t\t\t\t\t<\/li>\n\t\t\t\t\t\t\t\t<li class=\"elementor-icon-list-item elementor-inline-item\">\n\t\t\t\t\t\t\t\t\t\t\t<a href=\"https:\/\/campus.cicbue.edu.ar\/login\/index.php\" target=\"_blank\">\n\n\t\t\t\t\t\t\t\t\t\t\t<span class=\"elementor-icon-list-text\">CAMPUS VIRTUAL<\/span>\n\t\t\t\t\t\t\t\t\t\t\t<\/a>\n\t\t\t\t\t\t\t\t\t<\/li>\n\t\t\t\t\t\t\t\t<li class=\"elementor-icon-list-item elementor-inline-item\">\n\t\t\t\t\t\t\t\t\t\t\t<a href=\"https:\/\/sisweb.cic.fic.org.ar\/\" target=\"_blank\">\n\n\t\t\t\t\t\t\t\t\t\t\t<span class=\"elementor-icon-list-text\">ARANCELES<\/span>\n\t\t\t\t\t\t\t\t\t\t\t<\/a>\n\t\t\t\t\t\t\t\t\t<\/li>\n\t\t\t\t\t\t\t\t<li class=\"elementor-icon-list-item elementor-inline-item\">\n\t\t\t\t\t\t\t\t\t\t\t<a href=\"https:\/\/www.xhendra.com.ar\/\" target=\"_blank\">\n\n\t\t\t\t\t\t\t\t\t\t\t<span class=\"elementor-icon-list-text\">XHENDRA<\/span>\n\t\t\t\t\t\t\t\t\t\t\t<\/a>\n\t\t\t\t\t\t\t\t\t<\/li>\n\t\t\t\t\t\t<\/ul>\n\t\t\t\t\t\t<\/div>\n\t\t\t\t\t<\/div>\n\t\t\t\t<\/div>\n\t\t\t\t<section class=\"elementor-section elementor-top-section elementor-element elementor-element-62705e0c elementor-section-height-min-height elementor-section-boxed elementor-section-height-default elementor-section-items-middle\" data-id=\"62705e0c\" data-element_type=\"section\" data-e-type=\"section\">\n\t\t\t\t\t\t<div class=\"elementor-container elementor-column-gap-default\">\n\t\t\t\t\t<div class=\"elementor-column elementor-col-50 elementor-top-column elementor-element elementor-element-4fc56889\" data-id=\"4fc56889\" data-element_type=\"column\" data-e-type=\"column\">\n\t\t\t<div class=\"elementor-widget-wrap elementor-element-populated\">\n\t\t\t\t\t\t<div class=\"elementor-element elementor-element-f803bb7 elementor-invisible elementor-widget elementor-widget-xpro-heading\" data-id=\"f803bb7\" data-element_type=\"widget\" data-e-type=\"widget\" data-settings=\"{&quot;_animation&quot;:&quot;slideInUp&quot;}\" data-widget_type=\"xpro-heading.default\">\n\t\t\t\t\t<div class=\"xpro-heading-wrapper xpro-simple-heading-wrapper\">\n\t<h2 class=\"xpro-heading-title\">Proyecto <span class=\"xpro-title-focus\">Pastoral<\/span> <\/h2><\/div>\n\t\t\t\t<\/div>\n\t\t\t\t<div class=\"elementor-element elementor-element-5b56b70d elementor-widget elementor-widget-xpro-heading\" data-id=\"5b56b70d\" data-element_type=\"widget\" data-e-type=\"widget\" data-widget_type=\"xpro-heading.default\">\n\t\t\t\t\t<div class=\"xpro-heading-wrapper xpro-simple-heading-wrapper\">\n\t<h2 class=\"xpro-heading-title\">La Evangelizaci\u00f3n, es el eje principal de nuestra tarea educativa. <\/h2><\/div>\n\t\t\t\t<\/div>\n\t\t\t\t<div class=\"elementor-element elementor-element-71d1114b elementor-widget__width-initial elementor-widget elementor-widget-text-editor\" data-id=\"71d1114b\" data-element_type=\"widget\" data-e-type=\"widget\" data-widget_type=\"text-editor.default\">\n\t\t\t\t\t\t\t\t\t<p>Como colegio cat\u00f3lico, fundamos nuestra formaci\u00f3n en los valores del Evangelio, encarn\u00e1ndolos en acciones pastorales que acompa\u00f1an las etapas evolutivas de los ni\u00f1os y j\u00f3venes. Con la certeza de que el ser cristiano se manifiesta en las actitudes cotidianas y en las opciones personales, se acent\u00faa la vinculaci\u00f3n entre fe y vida, resaltando en toda oportunidad la primac\u00eda del amor concreto.<\/p>\t\t\t\t\t\t\t\t<\/div>\n\t\t\t\t<div class=\"elementor-element elementor-element-55a0b996 elementor-mobile-align-center elementor-widget__width-initial elementor-widget-mobile__width-initial elementor-align-left elementor-widget elementor-widget-xpro-infolist\" data-id=\"55a0b996\" data-element_type=\"widget\" data-e-type=\"widget\" data-widget_type=\"xpro-infolist.default\">\n\t\t\t\t\t<ul class=\"xpro-infolist-wrapper xpro-infolist-layout-vertical\">\n\t\t\t<li class=\"xpro-infolist-item elementor-repeater-item-3b3e111\">\n\t\t\t\t\t\t\t\t\t\t<div class=\"xpro-infolist-media xpro-infolist-media-type-icon\">\n\t\t\t\t\t<svg aria-hidden=\"true\" class=\"e-font-icon-svg e-fas-cross\" viewBox=\"0 0 384 512\" xmlns=\"http:\/\/www.w3.org\/2000\/svg\"><path d=\"M352 128h-96V32c0-17.67-14.33-32-32-32h-64c-17.67 0-32 14.33-32 32v96H32c-17.67 0-32 14.33-32 32v64c0 17.67 14.33 32 32 32h96v224c0 17.67 14.33 32 32 32h64c17.67 0 32-14.33 32-32V256h96c17.67 0 32-14.33 32-32v-64c0-17.67-14.33-32-32-32z\"><\/path><\/svg>\t\t\t\t<\/div>\n\t\t\t\n\t\t\t<div class=\"xpro-infolist-content\">\n\t\t\t\t                <h2 class=\"xpro-infolist-title\"> Catequesis <\/h2>\n                \t\t\t\t\t\t\t\t\t<p class=\"xpro-infolist-desc\">En el campo espec\u00edfico de la Catequesis, se deben considerar las cuatro actitudes esenciales para la vida cristiana: CREER, CELEBRAR, VIVIR y ORAR.<\/p>\n\t\t\t\t\t\t\t<\/div>\n\t\t\t\t\t<\/li>\n\t\t\t<li class=\"xpro-infolist-item elementor-repeater-item-f7cecbd\">\n\t\t\t\t\t\t\t\t\t\t<div class=\"xpro-infolist-media xpro-infolist-media-type-icon\">\n\t\t\t\t\t<svg aria-hidden=\"true\" class=\"e-font-icon-svg e-fas-user-graduate\" viewBox=\"0 0 448 512\" xmlns=\"http:\/\/www.w3.org\/2000\/svg\"><path d=\"M319.4 320.6L224 416l-95.4-95.4C57.1 323.7 0 382.2 0 454.4v9.6c0 26.5 21.5 48 48 48h352c26.5 0 48-21.5 48-48v-9.6c0-72.2-57.1-130.7-128.6-133.8zM13.6 79.8l6.4 1.5v58.4c-7 4.2-12 11.5-12 20.3 0 8.4 4.6 15.4 11.1 19.7L3.5 242c-1.7 6.9 2.1 14 7.6 14h41.8c5.5 0 9.3-7.1 7.6-14l-15.6-62.3C51.4 175.4 56 168.4 56 160c0-8.8-5-16.1-12-20.3V87.1l66 15.9c-8.6 17.2-14 36.4-14 57 0 70.7 57.3 128 128 128s128-57.3 128-128c0-20.6-5.3-39.8-14-57l96.3-23.2c18.2-4.4 18.2-27.1 0-31.5l-190.4-46c-13-3.1-26.7-3.1-39.7 0L13.6 48.2c-18.1 4.4-18.1 27.2 0 31.6z\"><\/path><\/svg>\t\t\t\t<\/div>\n\t\t\t\n\t\t\t<div class=\"xpro-infolist-content\">\n\t\t\t\t                <h2 class=\"xpro-infolist-title\"> Formaci\u00f3n Doctrinal <\/h2>\n                \t\t\t\t\t\t\t\t\t<p class=\"xpro-infolist-desc\">Basada en la profundizaci\u00f3n de las verdades del Credo, ser\u00e1 un medio para acrecentar el amor, ya que se ama lo que se conoce, y capacita a nuestros alumnos para dar raz\u00f3n de su esperanza.<\/p>\n\t\t\t\t\t\t\t<\/div>\n\t\t\t\t\t<\/li>\n\t\t\t<li class=\"xpro-infolist-item elementor-repeater-item-dacf72b\">\n\t\t\t\t\t\t\t\t\t\t<div class=\"xpro-infolist-media xpro-infolist-media-type-icon\">\n\t\t\t\t\t<svg aria-hidden=\"true\" class=\"e-font-icon-svg e-fas-praying-hands\" viewBox=\"0 0 640 512\" xmlns=\"http:\/\/www.w3.org\/2000\/svg\"><path d=\"M272 191.91c-17.6 0-32 14.4-32 32v80c0 8.84-7.16 16-16 16s-16-7.16-16-16v-76.55c0-17.39 4.72-34.47 13.69-49.39l77.75-129.59c9.09-15.16 4.19-34.81-10.97-43.91-14.45-8.67-32.72-4.3-42.3 9.21-.2.23-.62.21-.79.48l-117.26 175.9C117.56 205.9 112 224.31 112 243.29v80.23l-90.12 30.04A31.974 31.974 0 0 0 0 383.91v96c0 10.82 8.52 32 32 32 2.69 0 5.41-.34 8.06-1.03l179.19-46.62C269.16 449.99 304 403.8 304 351.91v-128c0-17.6-14.4-32-32-32zm346.12 161.73L528 323.6v-80.23c0-18.98-5.56-37.39-16.12-53.23L394.62 14.25c-.18-.27-.59-.24-.79-.48-9.58-13.51-27.85-17.88-42.3-9.21-15.16 9.09-20.06 28.75-10.97 43.91l77.75 129.59c8.97 14.92 13.69 32 13.69 49.39V304c0 8.84-7.16 16-16 16s-16-7.16-16-16v-80c0-17.6-14.4-32-32-32s-32 14.4-32 32v128c0 51.89 34.84 98.08 84.75 112.34l179.19 46.62c2.66.69 5.38 1.03 8.06 1.03 23.48 0 32-21.18 32-32v-96c0-13.77-8.81-25.99-21.88-30.35z\"><\/path><\/svg>\t\t\t\t<\/div>\n\t\t\t\n\t\t\t<div class=\"xpro-infolist-content\">\n\t\t\t\t                <h2 class=\"xpro-infolist-title\"> Vida Sacramental <\/h2>\n                \t\t\t\t\t\t\t\t\t<p class=\"xpro-infolist-desc\">Otro de los pilares de este camino espiritual, es el acercamiento de los alumnos a la vida Sacramental. La oraci\u00f3n es parte de la vida de nuestro Colegio, para ofrecer a los alumnos la posibilidad de ir creciendo en el di\u00e1logo con Dios, en la alabanza, la petici\u00f3n y la acci\u00f3n de gracias.<\/p>\n\t\t\t\t\t\t\t<\/div>\n\t\t\t\t\t<\/li>\n\t\t\t<li class=\"xpro-infolist-item elementor-repeater-item-131f812\">\n\t\t\t\t\t\t\t\t\t\t<div class=\"xpro-infolist-media xpro-infolist-media-type-icon\">\n\t\t\t\t\t<svg aria-hidden=\"true\" class=\"e-font-icon-svg e-fas-pray\" viewBox=\"0 0 384 512\" xmlns=\"http:\/\/www.w3.org\/2000\/svg\"><path d=\"M256 128c35.35 0 64-28.65 64-64S291.35 0 256 0s-64 28.65-64 64 28.65 64 64 64zm-30.63 169.75c14.06 16.72 39 19.09 55.97 5.22l88-72.02c17.09-13.98 19.59-39.19 5.62-56.28-13.97-17.11-39.19-19.59-56.31-5.62l-57.44 47-38.91-46.31c-15.44-18.39-39.22-27.92-64-25.33-24.19 2.48-45.25 16.27-56.37 36.92l-49.37 92.03c-23.4 43.64-8.69 96.37 34.19 123.75L131.56 432H40c-22.09 0-40 17.91-40 40s17.91 40 40 40h208c34.08 0 53.77-42.79 28.28-68.28L166.42 333.86l34.8-64.87 24.15 28.76z\"><\/path><\/svg>\t\t\t\t<\/div>\n\t\t\t\n\t\t\t<div class=\"xpro-infolist-content\">\n\t\t\t\t                <h2 class=\"xpro-infolist-title\"> Identidad Mariana <\/h2>\n                \t\t\t\t\t\t\t\t\t<p class=\"xpro-infolist-desc\">Como escuela con una marcada identidad mariana, ser\u00e1 esencial educar en el conocimiento y amor a la Sant\u00edsima Virgen.<\/p>\n\t\t\t\t\t\t\t<\/div>\n\t\t\t\t\t<\/li>\n\t<\/ul>\n\t\t\t\t<\/div>\n\t\t\t\t\t<\/div>\n\t\t<\/div>\n\t\t\t\t<div class=\"elementor-column elementor-col-50 elementor-top-column elementor-element elementor-element-157b756d\" data-id=\"157b756d\" data-element_type=\"column\" data-e-type=\"column\">\n\t\t\t<div class=\"elementor-widget-wrap elementor-element-populated\">\n\t\t\t\t\t\t<div class=\"elementor-element elementor-element-d1995aa elementor-widget-mobile__width-initial elementor-widget elementor-widget-elementskit-client-logo\" data-id=\"d1995aa\" data-element_type=\"widget\" data-e-type=\"widget\" data-widget_type=\"elementskit-client-logo.default\">\n\t\t\t\t\t<div class=\"ekit-wid-con\" >\t\t<div class=\"elementskit-clients-slider  simple_logo_image\" data-config=\"{&quot;rtl&quot;:false,&quot;arrows&quot;:false,&quot;dots&quot;:false,&quot;autoplay&quot;:true,&quot;speed&quot;:1000,&quot;slidesPerView&quot;:3,&quot;slidesPerGroup&quot;:1,&quot;pauseOnHover&quot;:true,&quot;loop&quot;:false,&quot;breakpoints&quot;:{&quot;320&quot;:{&quot;slidesPerView&quot;:1,&quot;slidesPerGroup&quot;:1,&quot;spaceBetween&quot;:10},&quot;768&quot;:{&quot;slidesPerView&quot;:2,&quot;slidesPerGroup&quot;:1,&quot;spaceBetween&quot;:10},&quot;1024&quot;:{&quot;slidesPerView&quot;:3,&quot;slidesPerGroup&quot;:1,&quot;spaceBetween&quot;:50}}}\" data-direction=\"\">\n\t\t\t<div class=\"ekit-main-swiper swiper\">\n\t\t\t\t<div class=\"swiper-wrapper\">\n\t\t\t\t\t\t\t\t\t\t\t<div class=\"elementskit-client-slider-item swiper-slide \">\n\t\t\t\t\t\t\t<div class=\"swiper-slide-inner\">\n\t\t\t\t\t\t\t\t<div class=\"single-client image-switcher\" title=\"T\u00edtulo #1\">\n\t\t\t\t\t\t\t\t\t\t\t\t\t\t\t\t\t\t\t<div class=\"content-image\">\n\t\t\t\t\t\t\t\t\t\t\t<img fetchpriority=\"high\" decoding=\"async\" width=\"400\" height=\"400\" src=\"https:\/\/cichost.m344.net\/instituto\/wp-content\/uploads\/2026\/01\/inicial-icono.png\" class=\"\" alt=\"\" srcset=\"https:\/\/cichost.m344.net\/instituto\/wp-content\/uploads\/2026\/01\/inicial-icono.png 400w, https:\/\/cichost.m344.net\/instituto\/wp-content\/uploads\/2026\/01\/inicial-icono-300x300.png 300w, https:\/\/cichost.m344.net\/instituto\/wp-content\/uploads\/2026\/01\/inicial-icono-150x150.png 150w\" sizes=\"(max-width: 400px) 100vw, 400px\" \/>\t\t\t\t\t\t\t\t\t\t<\/div>\n\t\t\t\t\t\t\t\t\t\t\t\t\t\t\t\t\t<\/div>\n\t\t\t\t\t\t\t<\/div>\n\t\t\t\t\t\t<\/div>\n\t\t\t\t\t\t\t\t\t\t\t<div class=\"elementskit-client-slider-item swiper-slide \">\n\t\t\t\t\t\t\t<div class=\"swiper-slide-inner\">\n\t\t\t\t\t\t\t\t<div class=\"single-client image-switcher\" title=\"T\u00edtulo #2\">\n\t\t\t\t\t\t\t\t\t\t\t\t\t\t\t\t\t\t\t<div class=\"content-image\">\n\t\t\t\t\t\t\t\t\t\t\t<img decoding=\"async\" width=\"400\" height=\"400\" src=\"https:\/\/cichost.m344.net\/instituto\/wp-content\/uploads\/2026\/01\/primario-icono.png\" class=\"\" alt=\"\" srcset=\"https:\/\/cichost.m344.net\/instituto\/wp-content\/uploads\/2026\/01\/primario-icono.png 400w, https:\/\/cichost.m344.net\/instituto\/wp-content\/uploads\/2026\/01\/primario-icono-300x300.png 300w, https:\/\/cichost.m344.net\/instituto\/wp-content\/uploads\/2026\/01\/primario-icono-150x150.png 150w\" sizes=\"(max-width: 400px) 100vw, 400px\" \/>\t\t\t\t\t\t\t\t\t\t<\/div>\n\t\t\t\t\t\t\t\t\t\t\t\t\t\t\t\t\t<\/div>\n\t\t\t\t\t\t\t<\/div>\n\t\t\t\t\t\t<\/div>\n\t\t\t\t\t\t\t\t\t\t\t<div class=\"elementskit-client-slider-item swiper-slide \">\n\t\t\t\t\t\t\t<div class=\"swiper-slide-inner\">\n\t\t\t\t\t\t\t\t<div class=\"single-client image-switcher\" title=\"T\u00edtulo #3\">\n\t\t\t\t\t\t\t\t\t\t\t\t\t\t\t\t\t\t\t<div class=\"content-image\">\n\t\t\t\t\t\t\t\t\t\t\t<img loading=\"lazy\" decoding=\"async\" width=\"400\" height=\"400\" src=\"https:\/\/cichost.m344.net\/instituto\/wp-content\/uploads\/2026\/01\/secundario-icono2.png\" class=\"\" alt=\"\" srcset=\"https:\/\/cichost.m344.net\/instituto\/wp-content\/uploads\/2026\/01\/secundario-icono2.png 400w, https:\/\/cichost.m344.net\/instituto\/wp-content\/uploads\/2026\/01\/secundario-icono2-300x300.png 300w, https:\/\/cichost.m344.net\/instituto\/wp-content\/uploads\/2026\/01\/secundario-icono2-150x150.png 150w\" sizes=\"(max-width: 400px) 100vw, 400px\" \/>\t\t\t\t\t\t\t\t\t\t<\/div>\n\t\t\t\t\t\t\t\t\t\t\t\t\t\t\t\t\t<\/div>\n\t\t\t\t\t\t\t<\/div>\n\t\t\t\t\t\t<\/div>\n\t\t\t\t\t\t\t\t\t\t\t<div class=\"elementskit-client-slider-item swiper-slide \">\n\t\t\t\t\t\t\t<div class=\"swiper-slide-inner\">\n\t\t\t\t\t\t\t\t<div class=\"single-client image-switcher\" title=\"T\u00edtulo de la lista\">\n\t\t\t\t\t\t\t\t\t\t\t\t\t\t\t\t\t\t\t<div class=\"content-image\">\n\t\t\t\t\t\t\t\t\t\t\t<img loading=\"lazy\" decoding=\"async\" width=\"400\" height=\"400\" src=\"https:\/\/cichost.m344.net\/instituto\/wp-content\/uploads\/2026\/01\/profesorado-icono.png\" class=\"\" alt=\"\" srcset=\"https:\/\/cichost.m344.net\/instituto\/wp-content\/uploads\/2026\/01\/profesorado-icono.png 400w, https:\/\/cichost.m344.net\/instituto\/wp-content\/uploads\/2026\/01\/profesorado-icono-300x300.png 300w, https:\/\/cichost.m344.net\/instituto\/wp-content\/uploads\/2026\/01\/profesorado-icono-150x150.png 150w\" sizes=\"(max-width: 400px) 100vw, 400px\" \/>\t\t\t\t\t\t\t\t\t\t<\/div>\n\t\t\t\t\t\t\t\t\t\t\t\t\t\t\t\t\t<\/div>\n\t\t\t\t\t\t\t<\/div>\n\t\t\t\t\t\t<\/div>\n\t\t\t\t\t\t\t\t\t<\/div>\n\n\t\t\t\t\n\t\t\t\t\t\t\t<\/div><!-- .elementskit-clients-slider END -->\n\t\t<\/div>\n\t\t<\/div>\t\t\t\t<\/div>\n\t\t\t\t<div class=\"elementor-element elementor-element-d96d145 elementor-widget__width-initial elementor-widget elementor-widget-xpro-heading\" data-id=\"d96d145\" data-element_type=\"widget\" data-e-type=\"widget\" data-widget_type=\"xpro-heading.default\">\n\t\t\t\t\t<div class=\"xpro-heading-wrapper xpro-simple-heading-wrapper\">\n\t<h2 class=\"xpro-heading-title\">Proyecto Pastoral por Niveles <\/h2><\/div>\n\t\t\t\t<\/div>\n\t\t\t\t<div class=\"elementor-element elementor-element-fb1f397 e-n-tabs-mobile elementor-widget elementor-widget-n-tabs\" data-id=\"fb1f397\" data-element_type=\"widget\" data-e-type=\"widget\" data-settings=\"{&quot;_animation&quot;:&quot;none&quot;,&quot;xpro_backdrop_filter&quot;:&quot;yes&quot;,&quot;horizontal_scroll&quot;:&quot;disable&quot;}\" data-widget_type=\"nested-tabs.default\">\n\t\t\t\t\t\t\t<div class=\"e-n-tabs\" data-widget-number=\"263320471\" aria-label=\"Pesta\u00f1as. Abre elementos con Intro o Espacio, ci\u00e9rralos con Escape y navega con las fechas.\">\n\t\t\t<div class=\"e-n-tabs-heading\" role=\"tablist\">\n\t\t\t\t\t<button id=\"e-n-tab-title-2633204711\" data-tab-title-id=\"e-n-tab-title-2633204711\" class=\"e-n-tab-title elementor-animation-grow\" aria-selected=\"true\" data-tab-index=\"1\" role=\"tab\" tabindex=\"0\" aria-controls=\"e-n-tab-content-2633204711\" style=\"--n-tabs-title-order: 1;\">\n\t\t\t\t\t\t<span class=\"e-n-tab-title-text\">\n\t\t\t\tINICIAL\t\t\t<\/span>\n\t\t<\/button>\n\t\t\t\t<button id=\"e-n-tab-title-2633204712\" data-tab-title-id=\"e-n-tab-title-2633204712\" class=\"e-n-tab-title elementor-animation-grow\" aria-selected=\"false\" data-tab-index=\"2\" role=\"tab\" tabindex=\"-1\" aria-controls=\"e-n-tab-content-2633204712\" style=\"--n-tabs-title-order: 2;\">\n\t\t\t\t\t\t<span class=\"e-n-tab-title-text\">\n\t\t\t\tPRIMARIO\t\t\t<\/span>\n\t\t<\/button>\n\t\t\t\t<button id=\"e-n-tab-title-2633204713\" data-tab-title-id=\"e-n-tab-title-2633204713\" class=\"e-n-tab-title elementor-animation-grow\" aria-selected=\"false\" data-tab-index=\"3\" role=\"tab\" tabindex=\"-1\" aria-controls=\"e-n-tab-content-2633204713\" style=\"--n-tabs-title-order: 3;\">\n\t\t\t\t\t\t<span class=\"e-n-tab-title-text\">\n\t\t\t\tSECUNDARIO\t\t\t<\/span>\n\t\t<\/button>\n\t\t\t\t\t<\/div>\n\t\t\t<div class=\"e-n-tabs-content\">\n\t\t\t\t<div id=\"e-n-tab-content-2633204711\" role=\"tabpanel\" aria-labelledby=\"e-n-tab-title-2633204711\" data-tab-index=\"1\" style=\"--n-tabs-title-order: 1;\" class=\"e-active elementor-element elementor-element-373703b e-con-full e-flex e-con e-child\" data-id=\"373703b\" data-element_type=\"container\" data-e-type=\"container\">\n\t\t\t\t<div class=\"elementor-element elementor-element-bc27a32 elementor-widget elementor-widget-text-editor\" data-id=\"bc27a32\" data-element_type=\"widget\" data-e-type=\"widget\" data-widget_type=\"text-editor.default\">\n\t\t\t\t\t\t\t\t\t<ul><li>Reciben Catequesis desde Sala de 3 a\u00f1os.<\/li><li>Acercamiento a la fe a trav\u00e9s de los principales signos cristianos: Dios Padre Creador, Jes\u00fas, y la devoci\u00f3n especial a la Virgen Mar\u00eda.<\/li><li>Se los introduce en la vida de oraci\u00f3n y de silencio, mediante peque\u00f1as celebraciones, canciones, y textos adaptados de la Sagrada Escritura.<\/li><li>Se invita a los padres a ser part\u00edcipes de este itinerario de fe, participando en algunas celebraciones junto a sus hijos. A fin de a\u00f1o todas las Salitas preparan junto a los pap\u00e1s una Misa dominical.<\/li><\/ul>\t\t\t\t\t\t\t\t<\/div>\n\t\t\t\t<\/div>\n\t\t<div id=\"e-n-tab-content-2633204712\" role=\"tabpanel\" aria-labelledby=\"e-n-tab-title-2633204712\" data-tab-index=\"2\" style=\"--n-tabs-title-order: 2;\" class=\" elementor-element elementor-element-c781341 e-con-full e-flex e-con e-child\" data-id=\"c781341\" data-element_type=\"container\" data-e-type=\"container\">\n\t\t\t\t<div class=\"elementor-element elementor-element-be1e995 elementor-widget elementor-widget-text-editor\" data-id=\"be1e995\" data-element_type=\"widget\" data-e-type=\"widget\" data-widget_type=\"text-editor.default\">\n\t\t\t\t\t\t\t\t\t<ul><li>Reciben Catequesis a lo largo de toda la escolaridad primaria.<\/li><li>Participan mensualmente de la celebraci\u00f3n de la Misa.<\/li><li>Se preparan para completar los Sacramentos de Iniciaci\u00f3n: en 4\u00b0 grado reciben la Primera Comuni\u00f3n y en 6\u00b0 grado la Confirmaci\u00f3n.<\/li><li>Se los acompa\u00f1a desde los primeros grados, acerc\u00e1ndolos a la Palabra de Dios, y al Sacramento de la Reconciliaci\u00f3n, que reciben en 3\u00b0 grado.<\/li><li>Todos los grados participan de una jornada de convivencia en torno al tema de Catequesis que trabajan ese a\u00f1o.<\/li><li>Una vez al a\u00f1o, cada grado junto a su familia, participa de la Misa dominical en la Capilla del colegio, colaborando en las distintas partes de la liturgia.<\/li><\/ul>\t\t\t\t\t\t\t\t<\/div>\n\t\t\t\t<\/div>\n\t\t<div id=\"e-n-tab-content-2633204713\" role=\"tabpanel\" aria-labelledby=\"e-n-tab-title-2633204713\" data-tab-index=\"3\" style=\"--n-tabs-title-order: 3;\" class=\" elementor-element elementor-element-3e071d9 e-con-full e-flex e-con e-child\" data-id=\"3e071d9\" data-element_type=\"container\" data-e-type=\"container\">\n\t\t\t\t<div class=\"elementor-element elementor-element-fa08578 elementor-widget elementor-widget-text-editor\" data-id=\"fa08578\" data-element_type=\"widget\" data-e-type=\"widget\" data-widget_type=\"text-editor.default\">\n\t\t\t\t\t\t\t\t\t<ul><li>Reciben formaci\u00f3n personal y religiosa de 1\u00b0 a 5\u00b0 a\u00f1o.<\/li><li>Celebraci\u00f3n de la Palabra, y posibilidad de recibir diariamente la Comuni\u00f3n.<\/li><li>Los alumnos son protagonistas de acciones misioneras y solidarias.<\/li><li>Realizan convivencias y jornadas espirituales.<\/li><li>Participaci\u00f3n libre en el grupo juvenil y misionero del Colegio.<\/li><li>Colaboran en la Liturgia de la Capilla durante las celebraciones: cantos, lecturas, gu\u00eda de la Misa, etc.<\/li><li>Cada curso se encarga de animar las celebraciones de Semana Santa y Pascua en la Capilla, y la Misi\u00f3n de Navidad en el barrio.<\/li><li>Pueden preparase en el colegio para recibir los Sacramentos de iniciaci\u00f3n (Bautismo, Comuni\u00f3n y Confirmaci\u00f3n)<\/li><\/ul>\t\t\t\t\t\t\t\t<\/div>\n\t\t\t\t<\/div>\n\t\t\t\t\t<\/div>\n\t\t<\/div>\n\t\t\t\t\t\t<\/div>\n\t\t\t\t\t<\/div>\n\t\t<\/div>\n\t\t\t\t\t<\/div>\n\t\t<\/section>\n\t\t\t\t<section class=\"elementor-section elementor-top-section elementor-element elementor-element-15ab5dce elementor-section-content-middle elementor-section-stretched elementor-section-boxed elementor-section-height-default elementor-section-height-default\" data-id=\"15ab5dce\" data-element_type=\"section\" data-e-type=\"section\" data-settings=\"{&quot;stretch_section&quot;:&quot;section-stretched&quot;,&quot;background_background&quot;:&quot;classic&quot;,&quot;shape_divider_top&quot;:&quot;mountains&quot;}\">\n\t\t\t\t\t\t\t<div class=\"elementor-background-overlay\"><\/div>\n\t\t\t\t\t\t<div class=\"elementor-shape elementor-shape-top\" aria-hidden=\"true\" data-negative=\"false\">\n\t\t\t<svg xmlns=\"http:\/\/www.w3.org\/2000\/svg\" viewBox=\"0 0 1000 100\" preserveAspectRatio=\"none\">\n\t<path class=\"elementor-shape-fill\" opacity=\"0.33\" d=\"M473,67.3c-203.9,88.3-263.1-34-320.3,0C66,119.1,0,59.7,0,59.7V0h1000v59.7 c0,0-62.1,26.1-94.9,29.3c-32.8,3.3-62.8-12.3-75.8-22.1C806,49.6,745.3,8.7,694.9,4.7S492.4,59,473,67.3z\"\/>\n\t<path class=\"elementor-shape-fill\" opacity=\"0.66\" d=\"M734,67.3c-45.5,0-77.2-23.2-129.1-39.1c-28.6-8.7-150.3-10.1-254,39.1 s-91.7-34.4-149.2,0C115.7,118.3,0,39.8,0,39.8V0h1000v36.5c0,0-28.2-18.5-92.1-18.5C810.2,18.1,775.7,67.3,734,67.3z\"\/>\n\t<path class=\"elementor-shape-fill\" d=\"M766.1,28.9c-200-57.5-266,65.5-395.1,19.5C242,1.8,242,5.4,184.8,20.6C128,35.8,132.3,44.9,89.9,52.5C28.6,63.7,0,0,0,0 h1000c0,0-9.9,40.9-83.6,48.1S829.6,47,766.1,28.9z\"\/>\n<\/svg>\t\t<\/div>\n\t\t\t\t\t<div class=\"elementor-container elementor-column-gap-default\">\n\t\t\t\t\t<div class=\"elementor-column elementor-col-50 elementor-top-column elementor-element elementor-element-7c863a02\" data-id=\"7c863a02\" data-element_type=\"column\" data-e-type=\"column\">\n\t\t\t<div class=\"elementor-widget-wrap elementor-element-populated\">\n\t\t\t\t\t\t<div class=\"elementor-element elementor-element-8504768 elementor-widget elementor-widget-menu-anchor\" data-id=\"8504768\" data-element_type=\"widget\" data-e-type=\"widget\" data-widget_type=\"menu-anchor.default\">\n\t\t\t\t\t\t\t<div class=\"elementor-menu-anchor\" id=\"lacapilla\"><\/div>\n\t\t\t\t\t\t<\/div>\n\t\t\t\t<div class=\"elementor-element elementor-element-b7a99d8 elementor-widget elementor-widget-image\" data-id=\"b7a99d8\" data-element_type=\"widget\" data-e-type=\"widget\" data-widget_type=\"image.default\">\n\t\t\t\t\t\t\t\t\t\t\t\t\t\t\t<img loading=\"lazy\" decoding=\"async\" width=\"200\" height=\"200\" src=\"https:\/\/cichost.m344.net\/instituto\/wp-content\/uploads\/2025\/11\/logo-capilla-w-200.png\" class=\"attachment-full size-full wp-image-209\" alt=\"\" srcset=\"https:\/\/cichost.m344.net\/instituto\/wp-content\/uploads\/2025\/11\/logo-capilla-w-200.png 200w, https:\/\/cichost.m344.net\/instituto\/wp-content\/uploads\/2025\/11\/logo-capilla-w-200-150x150.png 150w\" sizes=\"(max-width: 200px) 100vw, 200px\" \/>\t\t\t\t\t\t\t\t\t\t\t\t\t\t\t<\/div>\n\t\t\t\t<div class=\"elementor-element elementor-element-f26cf52 elementor-widget__width-initial elementor-widget elementor-widget-image-carousel\" data-id=\"f26cf52\" data-element_type=\"widget\" data-e-type=\"widget\" data-settings=\"{&quot;slides_to_show&quot;:&quot;1&quot;,&quot;navigation&quot;:&quot;none&quot;,&quot;autoplay&quot;:&quot;yes&quot;,&quot;pause_on_hover&quot;:&quot;yes&quot;,&quot;pause_on_interaction&quot;:&quot;yes&quot;,&quot;autoplay_speed&quot;:5000,&quot;infinite&quot;:&quot;yes&quot;,&quot;effect&quot;:&quot;slide&quot;,&quot;speed&quot;:500}\" data-widget_type=\"image-carousel.default\">\n\t\t\t\t\t\t\t<div class=\"elementor-image-carousel-wrapper swiper\" role=\"region\" aria-roledescription=\"carousel\" aria-label=\"Carrusel de im\u00e1genes\" dir=\"ltr\">\n\t\t\t<div class=\"elementor-image-carousel swiper-wrapper swiper-image-stretch\" aria-live=\"off\">\n\t\t\t\t\t\t\t\t<div class=\"swiper-slide\" role=\"group\" aria-roledescription=\"slide\" aria-label=\"1 de 3\"><figure class=\"swiper-slide-inner\"><img decoding=\"async\" class=\"swiper-slide-image\" src=\"https:\/\/cichost.m344.net\/instituto\/wp-content\/uploads\/2026\/02\/20-1.jpg\" alt=\"20\" \/><\/figure><\/div><div class=\"swiper-slide\" role=\"group\" aria-roledescription=\"slide\" aria-label=\"2 de 3\"><figure class=\"swiper-slide-inner\"><img decoding=\"async\" class=\"swiper-slide-image\" src=\"https:\/\/cichost.m344.net\/instituto\/wp-content\/uploads\/2026\/02\/19.jpg\" alt=\"19\" \/><\/figure><\/div><div class=\"swiper-slide\" role=\"group\" aria-roledescription=\"slide\" aria-label=\"3 de 3\"><figure class=\"swiper-slide-inner\"><img decoding=\"async\" class=\"swiper-slide-image\" src=\"https:\/\/cichost.m344.net\/instituto\/wp-content\/uploads\/2026\/02\/18.jpg\" alt=\"18\" \/><\/figure><\/div>\t\t\t<\/div>\n\t\t\t\t\t\t\t\n\t\t\t\t\t\t\t\t\t<\/div>\n\t\t\t\t\t\t<\/div>\n\t\t\t\t\t<\/div>\n\t\t<\/div>\n\t\t\t\t<div class=\"elementor-column elementor-col-50 elementor-top-column elementor-element elementor-element-736db547\" data-id=\"736db547\" data-element_type=\"column\" data-e-type=\"column\">\n\t\t\t<div class=\"elementor-widget-wrap elementor-element-populated\">\n\t\t\t\t\t\t<div class=\"elementor-element elementor-element-599fc21c elementor-widget elementor-widget-xpro-heading\" data-id=\"599fc21c\" data-element_type=\"widget\" data-e-type=\"widget\" data-widget_type=\"xpro-heading.default\">\n\t\t\t\t\t<div class=\"xpro-heading-wrapper xpro-simple-heading-wrapper\">\n\t<h2 class=\"xpro-heading-title\">Capilla Inmaculada Concepci\u00f3n <\/h2><\/div>\n\t\t\t\t<\/div>\n\t\t\t\t<div class=\"elementor-element elementor-element-4ea67e3f elementor-widget elementor-widget-xpro-heading\" data-id=\"4ea67e3f\" data-element_type=\"widget\" data-e-type=\"widget\" data-widget_type=\"xpro-heading.default\">\n\t\t\t\t\t<div class=\"xpro-heading-wrapper xpro-simple-heading-wrapper\">\n\t<h2 class=\"xpro-heading-title\">La capilla de la Casa Madre:  <span class=\"xpro-title-focus\">su obra misional<\/span> <\/h2><\/div>\n\t\t\t\t<\/div>\n\t\t\t\t<div class=\"elementor-element elementor-element-36eda6a7 elementor-widget__width-inherit elementor-widget elementor-widget-text-editor\" data-id=\"36eda6a7\" data-element_type=\"widget\" data-e-type=\"widget\" data-widget_type=\"text-editor.default\">\n\t\t\t\t\t\t\t\t\t<p><span class=\"svelte-x57wqa\">Esta capilla fue declarada Sitio de Inter\u00e9s Cultural por la Legislatura de la Ciudad de Buenos Aires, en reconocimiento a su aporte a la educaci\u00f3n de las hijas de inmigrantes italianos.<\/span>\u00a0<span class=\"svelte-x57wqa\">Fue fundada por las Hijas de la Inmaculada Concepci\u00f3n de Buenos Aires, impulsadas por su fundadora, la Madre Eufrasia Iaconis, una inmigrante italiana, quien inaugur\u00f3 un colegio con internado y aulas gratuitas para ni\u00f1as del barrio.<\/span>\u00a0<span class=\"svelte-x57wqa\">La capilla fue construida en 1904 sobre un terreno donado, y en su interior se encuentran los restos de la fundadora.<\/span><\/p>\t\t\t\t\t\t\t\t<\/div>\n\t\t\t\t<div class=\"elementor-element elementor-element-41a5f14 elementor-widget elementor-widget-n-accordion\" data-id=\"41a5f14\" data-element_type=\"widget\" data-e-type=\"widget\" data-settings=\"{&quot;default_state&quot;:&quot;all_collapsed&quot;,&quot;max_items_expended&quot;:&quot;one&quot;,&quot;n_accordion_animation_duration&quot;:{&quot;unit&quot;:&quot;ms&quot;,&quot;size&quot;:400,&quot;sizes&quot;:[]}}\" data-widget_type=\"nested-accordion.default\">\n\t\t\t\t\t\t\t<div class=\"e-n-accordion\" aria-label=\"Accordion. Open links with Enter or Space, close with Escape, and navigate with Arrow Keys\">\n\t\t\t\t\t\t<details id=\"e-n-accordion-item-6880\" class=\"e-n-accordion-item\" >\n\t\t\t\t<summary class=\"e-n-accordion-item-title\" data-accordion-index=\"1\" tabindex=\"0\" aria-expanded=\"false\" aria-controls=\"e-n-accordion-item-6880\" >\n\t\t\t\t\t<span class='e-n-accordion-item-title-header'><div class=\"e-n-accordion-item-title-text\"> HISTORIA <\/div><\/span>\n\t\t\t\t\t\t\t<span class='e-n-accordion-item-title-icon'>\n\t\t\t<span class='e-opened' ><svg aria-hidden=\"true\" class=\"e-font-icon-svg e-fas-minus\" viewBox=\"0 0 448 512\" xmlns=\"http:\/\/www.w3.org\/2000\/svg\"><path d=\"M416 208H32c-17.67 0-32 14.33-32 32v32c0 17.67 14.33 32 32 32h384c17.67 0 32-14.33 32-32v-32c0-17.67-14.33-32-32-32z\"><\/path><\/svg><\/span>\n\t\t\t<span class='e-closed'><svg aria-hidden=\"true\" class=\"e-font-icon-svg e-fas-plus\" viewBox=\"0 0 448 512\" xmlns=\"http:\/\/www.w3.org\/2000\/svg\"><path d=\"M416 208H272V64c0-17.67-14.33-32-32-32h-32c-17.67 0-32 14.33-32 32v144H32c-17.67 0-32 14.33-32 32v32c0 17.67 14.33 32 32 32h144v144c0 17.67 14.33 32 32 32h32c17.67 0 32-14.33 32-32V304h144c17.67 0 32-14.33 32-32v-32c0-17.67-14.33-32-32-32z\"><\/path><\/svg><\/span>\n\t\t<\/span>\n\n\t\t\t\t\t\t<\/summary>\n\t\t\t\t<div role=\"region\" aria-labelledby=\"e-n-accordion-item-6880\" class=\"elementor-element elementor-element-869bd6f e-con-full e-flex e-con e-child\" data-id=\"869bd6f\" data-element_type=\"container\" data-e-type=\"container\">\n\t\t\t\t<div class=\"elementor-element elementor-element-1e0c6bb elementor-widget elementor-widget-text-editor\" data-id=\"1e0c6bb\" data-element_type=\"widget\" data-e-type=\"widget\" data-widget_type=\"text-editor.default\">\n\t\t\t\t\t\t\t\t\t<h4>El Colegio de la Inmaculada en la calle Sadi Carnot (luego Mario Bravo) 563<\/h4><p>Cuando se proyectaba la obra desde la Casa de la calle Lavalle, se produjo un acontecimiento providencial para sentar las bases de la Congregaci\u00f3n en tierras argentinas.<\/p><p>El 11 de septiembre de 1901, la Srta. Elvira Ezcurra don\u00f3 a la Curia de Buenos Aires un terreno ubicado entre las calles Humahuaca y Sadi Carnot, para\u00a0<em>\u201cuna instituci\u00f3n de culto e instrucci\u00f3n que estar\u00e1 a cargo de las \u00abHermanas de Caridad Hijas de la Inmaculada Concepci\u00f3n\u00bb\u201d<\/em>\u00a0<sup><a title=\"Notas\" href=\"https:\/\/cichost.m344.net\/instituto\/pastoral#notas\">[1]<\/a><\/sup>.<\/p><div id=\"attachment_606\" class=\"wp-caption alignright\"><p><img loading=\"lazy\" decoding=\"async\" class=\"size-medium wp-image-606\" src=\"http:\/\/www.profesorado.cicbue.edu.ar\/wp-content\/uploads\/capilla-inmaculada-concepcion-300x214.jpg\" sizes=\"(max-width: 300px) 100vw, 300px\" srcset=\"https:\/\/www.profesorado.cicbue.edu.ar\/wp-content\/uploads\/capilla-inmaculada-concepcion-300x214.jpg 300w, https:\/\/www.profesorado.cicbue.edu.ar\/wp-content\/uploads\/capilla-inmaculada-concepcion-768x548.jpg 768w, https:\/\/www.profesorado.cicbue.edu.ar\/wp-content\/uploads\/capilla-inmaculada-concepcion.jpg 1024w, https:\/\/www.profesorado.cicbue.edu.ar\/wp-content\/uploads\/capilla-inmaculada-concepcion-624x445.jpg 624w\" alt=\"\" width=\"300\" height=\"214\" aria-describedby=\"caption-attachment-606\" \/><\/p><p id=\"caption-attachment-606\" class=\"wp-caption-text\">El Colegio de la Inmaculada en la calle Sadi Carnot (luego Mario Bravo) 563<\/p><\/div><p>En la esquina de Humahuaca y Sadi Carnot, juntamente con la Casa Madre, se levantar\u00eda la sede definitiva del Colegio. En el acta de bendici\u00f3n de la piedra fundamental se lee:\u00a0<em>\u201cEn Buenos Aires, capital de la Rep\u00fablica Argentina, a veinticuatro de setiembre, d\u00eda de Nuestra Se\u00f1ora de la Merced, del a\u00f1o del Se\u00f1or 1901, siendo Pont\u00edfice reinante S.S. Le\u00f3n XIII, y Presidente de la Rep\u00fablica el Excmo. Se\u00f1or Don Julio Roca, Teniente General, y Arzobispo de Buenos Aires S.S. Ilma. el Dr. Mariano A. Espinosa, bendijo solemnemente la piedra fundamental del Colegio de las hermanas de Caridad Hijas de la Inmaculada, que van a erigir en este sitio, siendo padrinos del acto el Sr. Can\u00f3nigo Ezcurra y la Srta. Elvira Ezcurra. Buenos Aires, 24-9-1901\u201d<\/em>\u00a0<sup><a title=\"Notas\" href=\"https:\/\/cichost.m344.net\/instituto\/pastoral#notas\">[2]<\/a><\/sup>.<\/p><p>Firman: Mariano Antonio, Arzobispo de Buenos Aires; Lucas A. Mango, familiar de S.E.R.; Marcos Ezcurra; Sor M. Estanislada; siguen otras firmas. La Revista Eclesi\u00e1stica del Arzobispado de Buenos Aires, publica que el 26 de septiembre el Arzobispo bendijo la piedra fundamental para la Capilla, colocada el viernes 27.<\/p><p>El 26 de noviembre de 1901, la Hermana Estanislada Tognoni envi\u00f3 a la Madre Eufrasia, que se hallaba en Roma, los planos dibujados por el arquitecto Sutton para el edificio de Sadi Carnot. Las Hermanas de Buenos Aires consultaban todo lo necesario sobre esa obra con el Padre Vicente Gamb\u00f3n, sacerdote jesuita que fue gu\u00eda y Director Espiritual de la Madre Eufrasia y de la Congregaci\u00f3n.<\/p><p>El 14 de febrero de 1902,\u00a0<em>La Voz de la Iglesia<\/em>\u00a0anunciaba que las Hermanas se hab\u00edan trasladado\u00a0<em>\u201ca su nueva y espaciosa casa, Sadi Carnot 563, el d\u00eda 12 del corriente. Dispone de vastos y elegantes locales para el Colegio. Se reciben pupilas, medio pupilas, ni\u00f1as externas. Las ni\u00f1as pobres se reciben gratis y el Apostolado de la oraci\u00f3n costea libros y \u00fatiles\u201d<\/em>\u00a0<sup><a title=\"Notas\" href=\"https:\/\/cichost.m344.net\/instituto\/pastoral#notas\">[3]<\/a><\/sup>.<\/p><p>El edificio de la calle Sadi Carnot fue inaugurado por el arzobispo Monse\u00f1or Espinosa el 24 de mayo de 1903, actuando como padrinos el matrimonio Anchorena-Blaquier. El programa de dicho acontecimiento incluy\u00f3 una misa cantada, la bendici\u00f3n de la casa, la exposici\u00f3n del Sant\u00edsimo y el rezo del rosario\u00a0<sup><a title=\"Notas\" href=\"https:\/\/cichost.m344.net\/instituto\/pastoral#notas\">[4]<\/a><\/sup>.<\/p><h4>\u00a0<\/h4><h4>La capilla de la Casa Madre: su obra misional<\/h4><p>El matrimonio Anchorena-Blaquier don\u00f3 la construcci\u00f3n de la Capilla, edificada sobre el terreno cedido por Elvira Ezcurra. Dicha Capilla, dedicada a la Inmaculada Concepci\u00f3n, fue inaugurada el 6 de julio de 1904, como comenta con detalles\u00a0<em>\u201cLa Voz de la Iglesia\u201d<\/em>\u00a0de esa fecha\u00a0<sup><a title=\"Notas\" href=\"https:\/\/cichost.m344.net\/instituto\/pastoral#notas\">[5]<\/a><\/sup>.<\/p><p><em>La Buena Lectura<\/em>, por su parte, alude al acontecimiento:\u00a0<em>\u201cEsta iglesia est\u00e1 situada en un barrio que carec\u00eda de centros religiosos, circunstancia que da mayor importancia a la obra. Cada iglesia es un baluarte contra las malas doctrinas, que pervierten los corazones, las familias y los pueblos\u201d<\/em>\u00a0<sup><a title=\"Notas\" href=\"https:\/\/cichost.m344.net\/instituto\/pastoral#notas\">[6]<\/a><\/sup>.<\/p><p>El templo era de estilo g\u00f3tico, con un roset\u00f3n en el frente. No contaba con rejas, las que se colocaron en 1914 por orden de las Hermanas, cuando quisieron agasajar a la Madre Eufrasia que entonces retornaba de Italia, despu\u00e9s de haber dejado fundado el Noviciado en Mil\u00e1n.<\/p><p>Los confesionarios, los altares y los bancos se realizaron en madera. En el altar mayor se encontraba la imagen de la Inmaculada en el centro y a los lados San Jos\u00e9 y Santa Teresa. Exist\u00edan, adem\u00e1s, altares laterales dedicados: al Sagrado Coraz\u00f3n de Jes\u00fas (a los lados Santa In\u00e9s y Santa Margarita Alacoque); a Santa Teresita; a la Virgen Ni\u00f1a (ten\u00eda a los lados a San Ignacio y San Francisco Javier); a San Miguel Arc\u00e1ngel y a Santa Filomena y a San Luis Gonzaga.<\/p><p>En la Capilla de la\u00a0<em>Inmaculada<\/em>\u00a0las Hermanas realizaron una permanente e intensa actividad lit\u00fargico-pastoral, continuando la labor emprendida anteriormente en la calle Lavalle\u00a0<sup><a title=\"Notas\" href=\"https:\/\/cichost.m344.net\/instituto\/pastoral#notas\">[7]<\/a><\/sup>. En esta tarea, nunca falt\u00f3 la colaboraci\u00f3n de sacerdotes seculares y religiosos de distintas congregaciones. Por ejemplo, el 10 de mayo de 1908, se inici\u00f3 en la Capilla del Colegio de la Inmaculada, la Congregaci\u00f3n de los \u00c1ngeles, bajo la direcci\u00f3n del P. Gil S\u00e1nchez, S J, con la incorporaci\u00f3n de ochenta alumnas del colegio.<\/p><p>La obra apost\u00f3lica se destac\u00f3 en la atenci\u00f3n espiritual de las colectividades extranjeras, en especial de los italianos instalados en el barrio, a trav\u00e9s de misiones, confesiones en su idioma, catequesis a los hijos aunque no asistieran a las clases del Colegio.<\/p>\t\t\t\t\t\t\t\t<\/div>\n\t\t\t\t<div class=\"elementor-element elementor-element-1f81042 elementor-widget elementor-widget-menu-anchor\" data-id=\"1f81042\" data-element_type=\"widget\" data-e-type=\"widget\" data-widget_type=\"menu-anchor.default\">\n\t\t\t\t\t\t\t<div class=\"elementor-menu-anchor\" id=\"notas\"><\/div>\n\t\t\t\t\t\t<\/div>\n\t\t\t\t<div class=\"elementor-element elementor-element-d826dc8 elementor-widget elementor-widget-text-editor\" data-id=\"d826dc8\" data-element_type=\"widget\" data-e-type=\"widget\" data-widget_type=\"text-editor.default\">\n\t\t\t\t\t\t\t\t\t<ol type=\"1\"><li>Escritura de la donaci\u00f3n de la Srta. Elvira Ezcurra a las Hijas de la Inmaculada del terreno en Sadi Carnot y Humahuaca. Buenos Aires, 11 de septiembre de 1901. AHFIC DE 4 \/ 77, 8, 1.<\/li><li>Acta de la bendici\u00f3n de la piedra fundamental del colegio de las Hijas de la Inmaculada. Buenos Aires, 24 de septiembre de 1901, AHFIC DE 4 \/ 77, 9, 1.<\/li><li><em>REABA, Revista Eclesi\u00e1stica del Arzobispado de Buenos Aires<\/em>, A\u00f1o 1, 1901, p\u00e1g. 707.<\/li><li><em>La Voz de la Iglesia<\/em>, 22 de mayo de 1903. En su publicaci\u00f3n del 26 de mayo de 1903 el mismo peri\u00f3dico destacar\u00e1 la incansable labor de las Hermanas que, a partir de entonces, dirigir\u00e1n este importante colegio con internado y aulas gratuitas:\u00a0<em>\u201cLas benem\u00e9ritas hermanas est\u00e1n presididas por la emprendedora Sor Mar\u00eda Eufrasia, mujer de dotes intelectuales nada comunes y de un car\u00e1cter superior a todas las dificultades. La prueba est\u00e1 en el hecho de haberse lanzado a una obra de las extraordinarias proyecciones de la que nos ocupa, sin m\u00e1s recursos casi que su entera confianza en la Providencia.\u201d<\/em><\/li><li><em>La Voz de la Iglesia<\/em>, 6 de julio de 1904.<\/li><li><em>La Buena Lectura<\/em>, 9 de julio de 1904, n\u00ba 45, p\u00e1g. 551.<\/li><li>Acta de la Congregaci\u00f3n de los \u00c1ngeles en AHFIC DE 4 \/ 79, 3, 1, f.2.<\/li><\/ol>\t\t\t\t\t\t\t\t<\/div>\n\t\t\t\t<\/div>\n\t\t\t\t\t<\/details>\n\t\t\t\t\t\t<details id=\"e-n-accordion-item-6881\" class=\"e-n-accordion-item\" >\n\t\t\t\t<summary class=\"e-n-accordion-item-title\" data-accordion-index=\"2\" tabindex=\"-1\" aria-expanded=\"false\" aria-controls=\"e-n-accordion-item-6881\" >\n\t\t\t\t\t<span class='e-n-accordion-item-title-header'><div class=\"e-n-accordion-item-title-text\"> MISAS Y CELEBRACIONES <\/div><\/span>\n\t\t\t\t\t\t\t<span class='e-n-accordion-item-title-icon'>\n\t\t\t<span class='e-opened' ><svg aria-hidden=\"true\" class=\"e-font-icon-svg e-fas-minus\" viewBox=\"0 0 448 512\" xmlns=\"http:\/\/www.w3.org\/2000\/svg\"><path d=\"M416 208H32c-17.67 0-32 14.33-32 32v32c0 17.67 14.33 32 32 32h384c17.67 0 32-14.33 32-32v-32c0-17.67-14.33-32-32-32z\"><\/path><\/svg><\/span>\n\t\t\t<span class='e-closed'><svg aria-hidden=\"true\" class=\"e-font-icon-svg e-fas-plus\" viewBox=\"0 0 448 512\" xmlns=\"http:\/\/www.w3.org\/2000\/svg\"><path d=\"M416 208H272V64c0-17.67-14.33-32-32-32h-32c-17.67 0-32 14.33-32 32v144H32c-17.67 0-32 14.33-32 32v32c0 17.67 14.33 32 32 32h144v144c0 17.67 14.33 32 32 32h32c17.67 0 32-14.33 32-32V304h144c17.67 0 32-14.33 32-32v-32c0-17.67-14.33-32-32-32z\"><\/path><\/svg><\/span>\n\t\t<\/span>\n\n\t\t\t\t\t\t<\/summary>\n\t\t\t\t<div role=\"region\" aria-labelledby=\"e-n-accordion-item-6881\" class=\"elementor-element elementor-element-13bb89a e-con-full e-flex e-con e-child\" data-id=\"13bb89a\" data-element_type=\"container\" data-e-type=\"container\">\n\t\t\t\t<div class=\"elementor-element elementor-element-885278e elementor-widget elementor-widget-image\" data-id=\"885278e\" data-element_type=\"widget\" data-e-type=\"widget\" data-widget_type=\"image.default\">\n\t\t\t\t\t\t\t\t\t\t\t\t\t\t\t<img loading=\"lazy\" decoding=\"async\" width=\"800\" height=\"450\" src=\"https:\/\/cichost.m344.net\/instituto\/wp-content\/uploads\/2025\/12\/sanacion-1024x576.jpg\" class=\"attachment-large size-large wp-image-500\" alt=\"\" srcset=\"https:\/\/cichost.m344.net\/instituto\/wp-content\/uploads\/2025\/12\/sanacion-1024x576.jpg 1024w, https:\/\/cichost.m344.net\/instituto\/wp-content\/uploads\/2025\/12\/sanacion-300x169.jpg 300w, https:\/\/cichost.m344.net\/instituto\/wp-content\/uploads\/2025\/12\/sanacion-768x432.jpg 768w, https:\/\/cichost.m344.net\/instituto\/wp-content\/uploads\/2025\/12\/sanacion.jpg 1280w\" sizes=\"(max-width: 800px) 100vw, 800px\" \/>\t\t\t\t\t\t\t\t\t\t\t\t\t\t\t<\/div>\n\t\t\t\t<div class=\"elementor-element elementor-element-163c1c2 elementor-widget__width-initial elementor-align-left elementor-widget elementor-widget-xpro-infolist\" data-id=\"163c1c2\" data-element_type=\"widget\" data-e-type=\"widget\" data-widget_type=\"xpro-infolist.default\">\n\t\t\t\t\t<ul class=\"xpro-infolist-wrapper xpro-infolist-layout-vertical\">\n\t\t\t<li class=\"xpro-infolist-item elementor-repeater-item-cc55f31\">\n\t\t\t\t\t\t\t\t\t\t<div class=\"xpro-infolist-media xpro-infolist-media-type-icon\">\n\t\t\t\t\t<svg aria-hidden=\"true\" class=\"e-font-icon-svg e-fas-book-reader\" viewBox=\"0 0 512 512\" xmlns=\"http:\/\/www.w3.org\/2000\/svg\"><path d=\"M352 96c0-53.02-42.98-96-96-96s-96 42.98-96 96 42.98 96 96 96 96-42.98 96-96zM233.59 241.1c-59.33-36.32-155.43-46.3-203.79-49.05C13.55 191.13 0 203.51 0 219.14v222.8c0 14.33 11.59 26.28 26.49 27.05 43.66 2.29 131.99 10.68 193.04 41.43 9.37 4.72 20.48-1.71 20.48-11.87V252.56c-.01-4.67-2.32-8.95-6.42-11.46zm248.61-49.05c-48.35 2.74-144.46 12.73-203.78 49.05-4.1 2.51-6.41 6.96-6.41 11.63v245.79c0 10.19 11.14 16.63 20.54 11.9 61.04-30.72 149.32-39.11 192.97-41.4 14.9-.78 26.49-12.73 26.49-27.06V219.14c-.01-15.63-13.56-28.01-29.81-27.09z\"><\/path><\/svg>\t\t\t\t<\/div>\n\t\t\t\n\t\t\t<div class=\"xpro-infolist-content\">\n\t\t\t\t                <h2 class=\"xpro-infolist-title\"> Celebraci\u00f3n de la Palabra y Distribuci\u00f3n de la Comuni\u00f3n <\/h2>\n                \t\t\t\t\t\t\t\t\t<p class=\"xpro-infolist-desc\">Todos los d\u00edas a la 7.50 hs. para los alumnos y docentes del Nivel Secundario.\nTodos los d\u00edas a las 17.30 hs. para docentes y alumnos del Nivel Terciario.<\/p>\n\t\t\t\t\t\t\t<\/div>\n\t\t\t\t\t<\/li>\n\t\t\t<li class=\"xpro-infolist-item elementor-repeater-item-6f35976\">\n\t\t\t\t\t\t\t\t\t\t<div class=\"xpro-infolist-media xpro-infolist-media-type-icon\">\n\t\t\t\t\t<svg aria-hidden=\"true\" class=\"e-font-icon-svg e-fas-clock\" viewBox=\"0 0 512 512\" xmlns=\"http:\/\/www.w3.org\/2000\/svg\"><path d=\"M256,8C119,8,8,119,8,256S119,504,256,504,504,393,504,256,393,8,256,8Zm92.49,313h0l-20,25a16,16,0,0,1-22.49,2.5h0l-67-49.72a40,40,0,0,1-15-31.23V112a16,16,0,0,1,16-16h32a16,16,0,0,1,16,16V256l58,42.5A16,16,0,0,1,348.49,321Z\"><\/path><\/svg>\t\t\t\t<\/div>\n\t\t\t\n\t\t\t<div class=\"xpro-infolist-content\">\n\t\t\t\t                <h2 class=\"xpro-infolist-title\"> Horarios de Misa <\/h2>\n                \t\t\t\t\t\t\t\t\t<p class=\"xpro-infolist-desc\">Todos los domingos 10:00 hs.\nTodos los d\u00edas 2 de cada mes: Verano 18.30 hs.Invierno 17:30 hs, por la pronta glorificaci\u00f3n de la Sierva de Dios, Madre Eufrasia.<\/p>\n\t\t\t\t\t\t\t<\/div>\n\t\t\t\t\t<\/li>\n\t\t\t<li class=\"xpro-infolist-item elementor-repeater-item-b7d8a22\">\n\t\t\t\t\t\t\t\t\t\t<div class=\"xpro-infolist-media xpro-infolist-media-type-icon\">\n\t\t\t\t\t<svg aria-hidden=\"true\" class=\"e-font-icon-svg e-fas-pray\" viewBox=\"0 0 384 512\" xmlns=\"http:\/\/www.w3.org\/2000\/svg\"><path d=\"M256 128c35.35 0 64-28.65 64-64S291.35 0 256 0s-64 28.65-64 64 28.65 64 64 64zm-30.63 169.75c14.06 16.72 39 19.09 55.97 5.22l88-72.02c17.09-13.98 19.59-39.19 5.62-56.28-13.97-17.11-39.19-19.59-56.31-5.62l-57.44 47-38.91-46.31c-15.44-18.39-39.22-27.92-64-25.33-24.19 2.48-45.25 16.27-56.37 36.92l-49.37 92.03c-23.4 43.64-8.69 96.37 34.19 123.75L131.56 432H40c-22.09 0-40 17.91-40 40s17.91 40 40 40h208c34.08 0 53.77-42.79 28.28-68.28L166.42 333.86l34.8-64.87 24.15 28.76z\"><\/path><\/svg>\t\t\t\t<\/div>\n\t\t\t\n\t\t\t<div class=\"xpro-infolist-content\">\n\t\t\t\t                <h2 class=\"xpro-infolist-title\"> Fiesta Patronal <\/h2>\n                \t\t\t\t\t\t\t\t\t<p class=\"xpro-infolist-desc\">8 de diciembre. Misa y procesi\u00f3n con la imagen de la Inmaculada Concepci\u00f3n por las calles del barrio.<\/p>\n\t\t\t\t\t\t\t<\/div>\n\t\t\t\t\t<\/li>\n\t\t\t<li class=\"xpro-infolist-item elementor-repeater-item-5d171ff\">\n\t\t\t\t\t\t\t\t\t\t<div class=\"xpro-infolist-media xpro-infolist-media-type-icon\">\n\t\t\t\t\t<svg aria-hidden=\"true\" class=\"e-font-icon-svg e-fas-cross\" viewBox=\"0 0 384 512\" xmlns=\"http:\/\/www.w3.org\/2000\/svg\"><path d=\"M352 128h-96V32c0-17.67-14.33-32-32-32h-64c-17.67 0-32 14.33-32 32v96H32c-17.67 0-32 14.33-32 32v64c0 17.67 14.33 32 32 32h96v224c0 17.67 14.33 32 32 32h64c17.67 0 32-14.33 32-32V256h96c17.67 0 32-14.33 32-32v-64c0-17.67-14.33-32-32-32z\"><\/path><\/svg>\t\t\t\t<\/div>\n\t\t\t\n\t\t\t<div class=\"xpro-infolist-content\">\n\t\t\t\t                <h2 class=\"xpro-infolist-title\"> Semana Santa y Navidad <\/h2>\n                \t\t\t\t\t\t\t\t\t<p class=\"xpro-infolist-desc\">Misa durante la Semana Santa y Navidad.<\/p>\n\t\t\t\t\t\t\t<\/div>\n\t\t\t\t\t<\/li>\n\t<\/ul>\n\t\t\t\t<\/div>\n\t\t\t\t<\/div>\n\t\t\t\t\t<\/details>\n\t\t\t\t\t\t<details id=\"e-n-accordion-item-6882\" class=\"e-n-accordion-item\" >\n\t\t\t\t<summary class=\"e-n-accordion-item-title\" data-accordion-index=\"3\" tabindex=\"-1\" aria-expanded=\"false\" aria-controls=\"e-n-accordion-item-6882\" >\n\t\t\t\t\t<span class='e-n-accordion-item-title-header'><div class=\"e-n-accordion-item-title-text\"> ORATORIO MADRE PIERINA <\/div><\/span>\n\t\t\t\t\t\t\t<span class='e-n-accordion-item-title-icon'>\n\t\t\t<span class='e-opened' ><svg aria-hidden=\"true\" class=\"e-font-icon-svg e-fas-minus\" viewBox=\"0 0 448 512\" xmlns=\"http:\/\/www.w3.org\/2000\/svg\"><path d=\"M416 208H32c-17.67 0-32 14.33-32 32v32c0 17.67 14.33 32 32 32h384c17.67 0 32-14.33 32-32v-32c0-17.67-14.33-32-32-32z\"><\/path><\/svg><\/span>\n\t\t\t<span class='e-closed'><svg aria-hidden=\"true\" class=\"e-font-icon-svg e-fas-plus\" viewBox=\"0 0 448 512\" xmlns=\"http:\/\/www.w3.org\/2000\/svg\"><path d=\"M416 208H272V64c0-17.67-14.33-32-32-32h-32c-17.67 0-32 14.33-32 32v144H32c-17.67 0-32 14.33-32 32v32c0 17.67 14.33 32 32 32h144v144c0 17.67 14.33 32 32 32h32c17.67 0 32-14.33 32-32V304h144c17.67 0 32-14.33 32-32v-32c0-17.67-14.33-32-32-32z\"><\/path><\/svg><\/span>\n\t\t<\/span>\n\n\t\t\t\t\t\t<\/summary>\n\t\t\t\t<div role=\"region\" aria-labelledby=\"e-n-accordion-item-6882\" class=\"elementor-element elementor-element-3bba49e e-con-full e-flex e-con e-child\" data-id=\"3bba49e\" data-element_type=\"container\" data-e-type=\"container\">\n\t\t\t\t<div class=\"elementor-element elementor-element-73f3f01 elementor-widget elementor-widget-image\" data-id=\"73f3f01\" data-element_type=\"widget\" data-e-type=\"widget\" data-widget_type=\"image.default\">\n\t\t\t\t\t\t\t\t\t\t\t\t\t\t\t<img loading=\"lazy\" decoding=\"async\" width=\"510\" height=\"382\" src=\"https:\/\/cichost.m344.net\/instituto\/wp-content\/uploads\/2025\/12\/oratorio-madre-pierina-b-510x382-1.jpg\" class=\"attachment-large size-large wp-image-549\" alt=\"\" srcset=\"https:\/\/cichost.m344.net\/instituto\/wp-content\/uploads\/2025\/12\/oratorio-madre-pierina-b-510x382-1.jpg 510w, https:\/\/cichost.m344.net\/instituto\/wp-content\/uploads\/2025\/12\/oratorio-madre-pierina-b-510x382-1-300x225.jpg 300w\" sizes=\"(max-width: 510px) 100vw, 510px\" \/>\t\t\t\t\t\t\t\t\t\t\t\t\t\t\t<\/div>\n\t\t\t\t<div class=\"elementor-element elementor-element-d7c8fc9 elementor-widget elementor-widget-text-editor\" data-id=\"d7c8fc9\" data-element_type=\"widget\" data-e-type=\"widget\" data-widget_type=\"text-editor.default\">\n\t\t\t\t\t\t\t\t\t<p>En el a\u00f1o 2010, se dispuso en el coro de nuestra Capilla, un espacio para venerar las Reliquias de la Beata Pierina de Micheli, Religiosa de nuestra Congregaci\u00f3n, beatificada el 30 de mayo de ese mismo a\u00f1o, en Roma.<\/p><p>Su vida santa, nos traz\u00f3 un simple pero profundo camino para llegar a Dios: contemplar el Divino Rostro doliente y misericordioso de Jes\u00fas, ofreci\u00e9ndole nuestra humilde reparaci\u00f3n con actos de amor y con la Adoraci\u00f3n Eucar\u00edstica.<\/p><p>All\u00ed tambi\u00e9n se puede rezar frente el Cristo que la misma Madre Pierina contempl\u00f3 en la oraci\u00f3n, cuando en el a\u00f1o 1920 vivi\u00f3 en esta Comunidad. Frente a esa imagen tuvo una fuerte experiencia m\u00edstica, que ella relat\u00f3 as\u00ed:<\/p><p><em>\u201cEl 12 de abril me encontraba en Buenos Aires, en la Casa Madre. Ten\u00eda una gran amargura en el coraz\u00f3n. Fui a la Iglesia y prorrump\u00ed en llanto lament\u00e1ndome con Jes\u00fas. Se me present\u00f3 con el Rostro ensangrentado y con una expresi\u00f3n de dolor tal que conmover\u00eda a cualquiera. Con una ternura que jam\u00e1s olvidar\u00e9, me dijo: \u2014Y yo, \u00bfqu\u00e9 he hecho? Comprend\u00ed\u2026 y a partir de ese d\u00eda, el Divino Rostro se convirti\u00f3 en mi libro de meditaci\u00f3n, la puerta de entrada a su Coraz\u00f3n. Su mirada era todo para m\u00ed.\u201d<\/em><\/p>\t\t\t\t\t\t\t\t<\/div>\n\t\t\t\t<div class=\"elementor-element elementor-element-b0e0239 elementor-position-left elementor-vertical-align-middle elementor-widget elementor-widget-image-box\" data-id=\"b0e0239\" data-element_type=\"widget\" data-e-type=\"widget\" data-widget_type=\"image-box.default\">\n\t\t\t\t\t<div class=\"elementor-image-box-wrapper\"><figure class=\"elementor-image-box-img\"><img loading=\"lazy\" decoding=\"async\" width=\"592\" height=\"669\" src=\"https:\/\/cichost.m344.net\/instituto\/wp-content\/uploads\/2025\/12\/madrepierinademicheli.jpg\" class=\"attachment-full size-full wp-image-501\" alt=\"Madre Pierina de Michelis\" srcset=\"https:\/\/cichost.m344.net\/instituto\/wp-content\/uploads\/2025\/12\/madrepierinademicheli.jpg 592w, https:\/\/cichost.m344.net\/instituto\/wp-content\/uploads\/2025\/12\/madrepierinademicheli-265x300.jpg 265w\" sizes=\"(max-width: 592px) 100vw, 592px\" \/><\/figure><div class=\"elementor-image-box-content\"><h3 class=\"elementor-image-box-title\">Oraci\u00f3n para pedir gracias<\/h3><p class=\"elementor-image-box-description\">Dios Uno y Trino, Padre, Hijo y Esp\u00edritu Santo\nque hiciste brillar los dones de tu gracia\nen la humilde Madre Pierina De Micheli,\nllam\u00e1ndola a tu servicio, para que en el\nsilencio y en la obediencia fuera la consoladora\ndel Divino Crucificado y la misionera de la\nSanta Faz de Jes\u00fas, haz que tambi\u00e9n nosotros\nsigamos con gozo el camino de la caridad,\npara gloria tuya y bien del pr\u00f3jimo.\n\nPor los m\u00e9ritos de la Beata Mar\u00eda Pierina\nDe Micheli, y por su intercesi\u00f3n,\nconc\u00e9denos las gracias que confiadamente\nte pedimos, a fin de que se manifiesten\npara nuestro ejemplo y consuelo,\nlas heroicas virtudes que ella practic\u00f3. Am\u00e9n<\/p><\/div><\/div>\t\t\t\t<\/div>\n\t\t\t\t<div class=\"elementor-element elementor-element-77ace2f elementor-position-left elementor-vertical-align-middle elementor-widget elementor-widget-image-box\" data-id=\"77ace2f\" data-element_type=\"widget\" data-e-type=\"widget\" data-widget_type=\"image-box.default\">\n\t\t\t\t\t<div class=\"elementor-image-box-wrapper\"><figure class=\"elementor-image-box-img\"><img loading=\"lazy\" decoding=\"async\" width=\"577\" height=\"769\" src=\"https:\/\/cichost.m344.net\/instituto\/wp-content\/uploads\/2025\/12\/divino-rostro-de-jesus.jpg\" class=\"attachment-full size-full wp-image-502\" alt=\"\" srcset=\"https:\/\/cichost.m344.net\/instituto\/wp-content\/uploads\/2025\/12\/divino-rostro-de-jesus.jpg 577w, https:\/\/cichost.m344.net\/instituto\/wp-content\/uploads\/2025\/12\/divino-rostro-de-jesus-225x300.jpg 225w\" sizes=\"(max-width: 577px) 100vw, 577px\" \/><\/figure><div class=\"elementor-image-box-content\"><h3 class=\"elementor-image-box-title\">Oraci\u00f3n al Divino Rostro de Jes\u00fas<\/h3><p class=\"elementor-image-box-description\">\u00a1Oh! Divino Rostro de mi dulce Jes\u00fas,\npor la ternura de amor\ny el sensibil\u00edsimo dolor\ncon que te contempl\u00f3 Mar\u00eda Sant\u00edsima\nen tu dolorosa Pasi\u00f3n,\nconcede a nuestras almas,\npoder participar de tanto amor\ny de tanto dolor\ny cumplir lo m\u00e1s perfectamente posible\nla Sant\u00edsima Voluntad de Dios.\n                                                    Am\u00e9n.<\/p><\/div><\/div>\t\t\t\t<\/div>\n\t\t\t\t<div class=\"elementor-element elementor-element-120908d elementor-widget elementor-widget-xpro-promo-box\" data-id=\"120908d\" data-element_type=\"widget\" data-e-type=\"widget\" data-widget_type=\"xpro-promo-box.default\">\n\t\t\t\t\t<div class=\"xpro-promo-box-wrapper\">\r\n\t<div class=\"xpro-promo-box-inner\">\r\n\r\n\t\t\r\n\t\t<div class=\"xpro-promo-box-content\">\r\n\t\t\t\t\t\t\t<div class=\"xpro-promo-box-media\">\r\n\t\t\t\t\t<img loading=\"lazy\" decoding=\"async\" width=\"320\" height=\"150\" src=\"https:\/\/cichost.m344.net\/instituto\/wp-content\/uploads\/2025\/12\/Biografia-Madre-Pierina.jpg\" class=\"attachment-full size-full wp-image-503\" alt=\"\" srcset=\"https:\/\/cichost.m344.net\/instituto\/wp-content\/uploads\/2025\/12\/Biografia-Madre-Pierina.jpg 320w, https:\/\/cichost.m344.net\/instituto\/wp-content\/uploads\/2025\/12\/Biografia-Madre-Pierina-300x141.jpg 300w\" sizes=\"(max-width: 320px) 100vw, 320px\" \/>\t\t\t\t<\/div>\r\n\t\t\t\r\n\t\t\t\r\n\t\t\t\t\t\t<h3  class=\"xpro-promo-box-title\">\r\n\t\t\t\tMADRE PIERINA\t\t<\/h3>\r\n\t\r\n\t\t\r\n\t\t\t\t\t<div class=\"xpro-promo-box-desc\"><p>BIOGRAF\u00cdA<\/p><\/div>\r\n\t\t\r\n\t\t\t<\/div>\r\n\r\n\t\t\t\r\n\t<a  href=\"https:\/\/www.fic.org.ar\/madre-pierina-3\/madre-pierina\/\" target=\"_blank\" class=\"xpro-promo-box-btn xpro-promo-box-align-left\">\r\n\t\t\t\t\t<svg aria-hidden=\"true\" class=\"e-font-icon-svg e-fas-eye\" viewBox=\"0 0 576 512\" xmlns=\"http:\/\/www.w3.org\/2000\/svg\"><path d=\"M572.52 241.4C518.29 135.59 410.93 64 288 64S57.68 135.64 3.48 241.41a32.35 32.35 0 0 0 0 29.19C57.71 376.41 165.07 448 288 448s230.32-71.64 284.52-177.41a32.35 32.35 0 0 0 0-29.19zM288 400a144 144 0 1 1 144-144 143.93 143.93 0 0 1-144 144zm0-240a95.31 95.31 0 0 0-25.31 3.79 47.85 47.85 0 0 1-66.9 66.9A95.78 95.78 0 1 0 288 160z\"><\/path><\/svg>\t\r\n\t<span class=\"xpro-promo-box-btn-text\">VER LA VIDA<\/span>\r\n<\/a>\r\n<\/div>\r\n<\/div>\r\n\t\t\t\t<\/div>\n\t\t\t\t<div class=\"elementor-element elementor-element-8074050 elementor-align-center elementor-widget elementor-widget-button\" data-id=\"8074050\" data-element_type=\"widget\" data-e-type=\"widget\" data-widget_type=\"button.default\">\n\t\t\t\t\t\t\t\t\t\t<a class=\"elementor-button elementor-button-link elementor-size-sm\" href=\"https:\/\/cichost.m344.net\/instituto\/wp-content\/uploads\/2025\/12\/Suplicas-al-Divino-Rostro.pdf\">\n\t\t\t\t\t\t<span class=\"elementor-button-content-wrapper\">\n\t\t\t\t\t\t\t\t\t<span class=\"elementor-button-text\">S\u00daPLICAS AL DIVINO ROSTRO<\/span>\n\t\t\t\t\t<\/span>\n\t\t\t\t\t<\/a>\n\t\t\t\t\t\t\t\t<\/div>\n\t\t\t\t<\/div>\n\t\t\t\t\t<\/details>\n\t\t\t\t\t\t<details id=\"e-n-accordion-item-6883\" class=\"e-n-accordion-item\" >\n\t\t\t\t<summary class=\"e-n-accordion-item-title\" data-accordion-index=\"4\" tabindex=\"-1\" aria-expanded=\"false\" aria-controls=\"e-n-accordion-item-6883\" >\n\t\t\t\t\t<span class='e-n-accordion-item-title-header'><div class=\"e-n-accordion-item-title-text\"> TUMBA DE LA SIERVA DE DIOS <\/div><\/span>\n\t\t\t\t\t\t\t<span class='e-n-accordion-item-title-icon'>\n\t\t\t<span class='e-opened' ><svg aria-hidden=\"true\" class=\"e-font-icon-svg e-fas-minus\" viewBox=\"0 0 448 512\" xmlns=\"http:\/\/www.w3.org\/2000\/svg\"><path d=\"M416 208H32c-17.67 0-32 14.33-32 32v32c0 17.67 14.33 32 32 32h384c17.67 0 32-14.33 32-32v-32c0-17.67-14.33-32-32-32z\"><\/path><\/svg><\/span>\n\t\t\t<span class='e-closed'><svg aria-hidden=\"true\" class=\"e-font-icon-svg e-fas-plus\" viewBox=\"0 0 448 512\" xmlns=\"http:\/\/www.w3.org\/2000\/svg\"><path d=\"M416 208H272V64c0-17.67-14.33-32-32-32h-32c-17.67 0-32 14.33-32 32v144H32c-17.67 0-32 14.33-32 32v32c0 17.67 14.33 32 32 32h144v144c0 17.67 14.33 32 32 32h32c17.67 0 32-14.33 32-32V304h144c17.67 0 32-14.33 32-32v-32c0-17.67-14.33-32-32-32z\"><\/path><\/svg><\/span>\n\t\t<\/span>\n\n\t\t\t\t\t\t<\/summary>\n\t\t\t\t<div role=\"region\" aria-labelledby=\"e-n-accordion-item-6883\" class=\"elementor-element elementor-element-e7b7a6e e-con-full e-flex e-con e-child\" data-id=\"e7b7a6e\" data-element_type=\"container\" data-e-type=\"container\">\n\t\t\t\t<div class=\"elementor-element elementor-element-11c41dc elementor-widget elementor-widget-image\" data-id=\"11c41dc\" data-element_type=\"widget\" data-e-type=\"widget\" data-widget_type=\"image.default\">\n\t\t\t\t\t\t\t\t\t\t\t\t\t\t\t<img loading=\"lazy\" decoding=\"async\" width=\"510\" height=\"382\" src=\"https:\/\/cichost.m344.net\/instituto\/wp-content\/uploads\/2025\/12\/tumba-madre-eufrasia-510x382-1.jpg\" class=\"attachment-large size-large wp-image-553\" alt=\"\" srcset=\"https:\/\/cichost.m344.net\/instituto\/wp-content\/uploads\/2025\/12\/tumba-madre-eufrasia-510x382-1.jpg 510w, https:\/\/cichost.m344.net\/instituto\/wp-content\/uploads\/2025\/12\/tumba-madre-eufrasia-510x382-1-300x225.jpg 300w\" sizes=\"(max-width: 510px) 100vw, 510px\" \/>\t\t\t\t\t\t\t\t\t\t\t\t\t\t\t<\/div>\n\t\t\t\t<div class=\"elementor-element elementor-element-0db6e05 elementor-widget elementor-widget-text-editor\" data-id=\"0db6e05\" data-element_type=\"widget\" data-e-type=\"widget\" data-widget_type=\"text-editor.default\">\n\t\t\t\t\t\t\t\t\t<blockquote><p style=\"text-align: left;\">La santidad es el rostro m\u00e1s bello de la Iglesia<\/p><footer><cite>\u2013 Papa Francisco<\/cite><\/footer><\/blockquote>\t\t\t\t\t\t\t\t<\/div>\n\t\t\t\t<div class=\"elementor-element elementor-element-3c94dce elementor-widget elementor-widget-video\" data-id=\"3c94dce\" data-element_type=\"widget\" data-e-type=\"widget\" data-settings=\"{&quot;youtube_url&quot;:&quot;https:\\\/\\\/www.youtube.com\\\/watch?v=MfRY8haiyJo&quot;,&quot;video_type&quot;:&quot;youtube&quot;,&quot;controls&quot;:&quot;yes&quot;}\" data-widget_type=\"video.default\">\n\t\t\t\t\t\t\t<div class=\"elementor-wrapper elementor-open-inline\">\n\t\t\t<div class=\"elementor-video\"><\/div>\t\t<\/div>\n\t\t\t\t\t\t<\/div>\n\t\t\t\t<div class=\"elementor-element elementor-element-db8dce0 elementor-widget elementor-widget-text-editor\" data-id=\"db8dce0\" data-element_type=\"widget\" data-e-type=\"widget\" data-widget_type=\"text-editor.default\">\n\t\t\t\t\t\t\t\t\t<p>La Capilla alberga los restos de la Fundadora, Sierva de Dios Madre Eufrasia Iaconis, desde el a\u00f1o 1996.<\/p><p>A sus pies, numerosos fieles devotos de la Madre, depositan con fe las gracias que por su intercesi\u00f3n elevan a Dios. Todos los d\u00edas 2 de cada mes, dichas intenciones se ofrecen en la Misa que se celebra en esta Capilla, pidiendo tambi\u00e9n que prontamente la Iglesia eleve a los altares a nuestra Fundadora.<\/p><p>El 2 de agosto de 1996, los restos de la Madre Eufrasia volvieron a la Casa Madre para descansar, definitivamente, en la Capilla del Colegio.<\/p><p>Fueron singulares testigos de esta ceremonia: Monse\u00f1or Guillermo Rodr\u00edguez Melgarejo; la Rvda. Madre General Juana Mar\u00eda Raful, con su Consejo; una delegaci\u00f3n de Hermanas que representaron a todas las Comunidades de nuestro pa\u00eds, de Italia, Espa\u00f1a y Brasil; varios sacerdotes; alumnas; ex-alumnas; docentes; padres; Colaboradores FIC de los tres centros de Capital y de C\u00f3rdoba, Rosario, Entre R\u00edos, Mendoza, Santa Fe y Monte Grande y por supuesto, much\u00edsimos amigos de la obra que deseaban participar de tan emotivo momento.<\/p><p>La Eucarist\u00eda que presidi\u00f3 Mons. Rodr\u00edguez Melgarejo y concelebraron seis sacerdotes amigos de la obra, la liturgia de la m\u00fasica a cargo del Coro del Padre Segade, la procesi\u00f3n de las Hermanas frente al nicho que contienen los restos de su amada madre resultaron fuertes signos de la vida en Dios de quien fue su testigo y trabaj\u00f3 para el Reino, siendo \u00abluz del mundo y de la tierra\u00bb<\/p>\t\t\t\t\t\t\t\t<\/div>\n\t\t\t\t<div class=\"elementor-element elementor-element-0a0e4b6 elementor-widget elementor-widget-text-editor\" data-id=\"0a0e4b6\" data-element_type=\"widget\" data-e-type=\"widget\" data-widget_type=\"text-editor.default\">\n\t\t\t\t\t\t\t\t\t<h1>Oraci\u00f3n para pedir gracias<\/h1>\t\t\t\t\t\t\t\t<\/div>\n\t\t\t\t<div class=\"elementor-element elementor-element-4ff37d9 elementor-widget elementor-widget-image\" data-id=\"4ff37d9\" data-element_type=\"widget\" data-e-type=\"widget\" data-widget_type=\"image.default\">\n\t\t\t\t\t\t\t\t\t\t\t\t\t\t\t<img loading=\"lazy\" decoding=\"async\" width=\"620\" height=\"465\" src=\"https:\/\/cichost.m344.net\/instituto\/wp-content\/uploads\/2025\/12\/oracion-madre-eufrasia.jpg\" class=\"attachment-large size-large wp-image-524\" alt=\"\" srcset=\"https:\/\/cichost.m344.net\/instituto\/wp-content\/uploads\/2025\/12\/oracion-madre-eufrasia.jpg 620w, https:\/\/cichost.m344.net\/instituto\/wp-content\/uploads\/2025\/12\/oracion-madre-eufrasia-300x225.jpg 300w\" sizes=\"(max-width: 620px) 100vw, 620px\" \/>\t\t\t\t\t\t\t\t\t\t\t\t\t\t\t<\/div>\n\t\t\t\t<div class=\"elementor-element elementor-element-d68cb68 elementor-widget elementor-widget-text-editor\" data-id=\"d68cb68\" data-element_type=\"widget\" data-e-type=\"widget\" data-widget_type=\"text-editor.default\">\n\t\t\t\t\t\t\t\t\t<h3 style=\"text-align: center;\">Quienes deseen, pueden\u00a0escribir sus peticiones y necesidades:<\/h3>\t\t\t\t\t\t\t\t<\/div>\n\t\t\t\t<div class=\"elementor-element elementor-element-69d85da elementor-widget__width-initial elementor-widget elementor-widget-xpro-cf7\" data-id=\"69d85da\" data-element_type=\"widget\" data-e-type=\"widget\" data-widget_type=\"xpro-cf7.default\">\n\t\t\t\t\t\n<div class=\"wpcf7 no-js\" id=\"wpcf7-f531-o1\" lang=\"es-ES\" dir=\"ltr\" data-wpcf7-id=\"531\">\n<div class=\"screen-reader-response\"><p role=\"status\" aria-live=\"polite\" aria-atomic=\"true\"><\/p> <ul><\/ul><\/div>\n<form action=\"\/instituto\/wp-json\/wp\/v2\/pages\/70#wpcf7-f531-o1\" method=\"post\" class=\"wpcf7-form init xpro-cf7-form\" aria-label=\"Formulario de contacto\" novalidate=\"novalidate\" data-status=\"init\">\n<fieldset class=\"hidden-fields-container\"><input type=\"hidden\" name=\"_wpcf7\" value=\"531\" \/><input type=\"hidden\" name=\"_wpcf7_version\" value=\"6.1.5\" \/><input type=\"hidden\" name=\"_wpcf7_locale\" value=\"es_ES\" \/><input type=\"hidden\" name=\"_wpcf7_unit_tag\" value=\"wpcf7-f531-o1\" \/><input type=\"hidden\" name=\"_wpcf7_container_post\" value=\"0\" \/><input type=\"hidden\" name=\"_wpcf7_posted_data_hash\" value=\"\" \/><input type=\"hidden\" name=\"_wpcf7cf_hidden_group_fields\" value=\"[]\" \/><input type=\"hidden\" name=\"_wpcf7cf_hidden_groups\" value=\"[]\" \/><input type=\"hidden\" name=\"_wpcf7cf_visible_groups\" value=\"[]\" \/><input type=\"hidden\" name=\"_wpcf7cf_repeaters\" value=\"[]\" \/><input type=\"hidden\" name=\"_wpcf7cf_steps\" value=\"{}\" \/><input type=\"hidden\" name=\"_wpcf7cf_options\" value=\"{&quot;form_id&quot;:531,&quot;conditions&quot;:[],&quot;settings&quot;:{&quot;animation&quot;:&quot;yes&quot;,&quot;animation_intime&quot;:200,&quot;animation_outtime&quot;:200,&quot;conditions_ui&quot;:&quot;normal&quot;,&quot;notice_dismissed&quot;:false}}\" \/>\n<\/fieldset>\n<p><label> Tu nombre completo<br \/>\n<span class=\"wpcf7-form-control-wrap\" data-name=\"nombre\"><input size=\"40\" maxlength=\"400\" class=\"wpcf7-form-control wpcf7-text wpcf7-validates-as-required\" aria-required=\"true\" aria-invalid=\"false\" value=\"\" type=\"text\" name=\"nombre\" \/><\/span> <\/label>\n<\/p>\n<p><label> Tel\u00e9fono<br \/>\n<span class=\"wpcf7-form-control-wrap\" data-name=\"telefono\"><input size=\"40\" maxlength=\"400\" class=\"wpcf7-form-control wpcf7-tel wpcf7-validates-as-required wpcf7-text wpcf7-validates-as-tel\" aria-required=\"true\" aria-invalid=\"false\" value=\"\" type=\"tel\" name=\"telefono\" \/><\/span> <\/label>\n<\/p>\n<p><label> Opci\u00f3n de contacto (*) <\/label><br \/>\n<span class=\"wpcf7-form-control-wrap\" data-name=\"formacontacto\"><span class=\"wpcf7-form-control wpcf7-checkbox\"><span class=\"wpcf7-list-item first\"><label><input type=\"checkbox\" name=\"formacontacto[]\" value=\"Whatsapp\" \/><span class=\"wpcf7-list-item-label\">Whatsapp<\/span><\/label><\/span><span class=\"wpcf7-list-item\"><label><input type=\"checkbox\" name=\"formacontacto[]\" value=\"Llamada\" \/><span class=\"wpcf7-list-item-label\">Llamada<\/span><\/label><\/span><span class=\"wpcf7-list-item last\"><label><input type=\"checkbox\" name=\"formacontacto[]\" value=\"Email\" \/><span class=\"wpcf7-list-item-label\">Email<\/span><\/label><\/span><\/span><\/span>\n<\/p>\n<p><label> Motivo del contacto <\/label><br \/>\n<span class=\"wpcf7-form-control-wrap\" data-name=\"motivo\"><select class=\"wpcf7-form-control wpcf7-select wpcf7-validates-as-required\" aria-required=\"true\" aria-invalid=\"false\" name=\"motivo\"><option value=\"Elige el motivo de tu consulta\">Elige el motivo de tu consulta<\/option><option value=\"Informaci\u00f3n sobre programas acad\u00e9micos\">Informaci\u00f3n sobre programas acad\u00e9micos<\/option><option value=\"Procesos de inscripci\u00f3n y matr\u00edcula\">Procesos de inscripci\u00f3n y matr\u00edcula<\/option><option value=\"Reclamaciones y denuncias\">Reclamaciones y denuncias<\/option><option value=\"Solicitud de informaci\u00f3n institucional\">Solicitud de informaci\u00f3n institucional<\/option><option value=\"Atenci\u00f3n a egresados y exalumnos\">Atenci\u00f3n a egresados y exalumnos<\/option><option value=\"Contacto para eventos o actividades\">Contacto para eventos o actividades<\/option><option value=\"Consulta sobre becas, financiamiento o apoyos econ\u00f3micos\">Consulta sobre becas, financiamiento o apoyos econ\u00f3micos<\/option><option value=\"Seguimiento de tr\u00e1mites\">Seguimiento de tr\u00e1mites<\/option><option value=\"Otra consulta\">Otra consulta<\/option><\/select><\/span>\n<\/p>\n<p><label> Tu correo electr\u00f3nico<br \/>\n<span class=\"wpcf7-form-control-wrap\" data-name=\"correo\"><input size=\"40\" maxlength=\"400\" class=\"wpcf7-form-control wpcf7-email wpcf7-validates-as-required wpcf7-text wpcf7-validates-as-email\" aria-required=\"true\" aria-invalid=\"false\" value=\"\" type=\"email\" name=\"correo\" \/><\/span> <\/label>\n<\/p>\n<p><label> Tu mensaje (opcional)<br \/>\n<span class=\"wpcf7-form-control-wrap\" data-name=\"consulta\"><textarea cols=\"40\" rows=\"10\" maxlength=\"2000\" class=\"wpcf7-form-control wpcf7-textarea\" aria-invalid=\"false\" name=\"consulta\"><\/textarea><\/span> <\/label>\n<\/p>\n<p><input class=\"wpcf7-form-control wpcf7-submit has-spinner\" type=\"submit\" value=\"Enviar consulta\" \/>\n<\/p><div class=\"wpcf7-response-output\" aria-hidden=\"true\"><\/div>\n<\/form>\n<\/div>\n\t\t\t\t<\/div>\n\t\t\t\t<div class=\"elementor-element elementor-element-62bec57 elementor-align-left elementor-widget elementor-widget-xpro-infolist\" data-id=\"62bec57\" data-element_type=\"widget\" data-e-type=\"widget\" data-widget_type=\"xpro-infolist.default\">\n\t\t\t\t\t<ul class=\"xpro-infolist-wrapper xpro-infolist-layout-vertical\">\n\t\t\t<li class=\"xpro-infolist-item elementor-repeater-item-4aebd1c\">\n\t\t\t\t\t\t\t\t\t\t<div class=\"xpro-infolist-media xpro-infolist-media-type-icon\">\n\t\t\t\t\t<svg aria-hidden=\"true\" class=\"e-font-icon-svg e-fas-user-alt\" viewBox=\"0 0 512 512\" xmlns=\"http:\/\/www.w3.org\/2000\/svg\"><path d=\"M256 288c79.5 0 144-64.5 144-144S335.5 0 256 0 112 64.5 112 144s64.5 144 144 144zm128 32h-55.1c-22.2 10.2-46.9 16-72.9 16s-50.6-5.8-72.9-16H128C57.3 320 0 377.3 0 448v16c0 26.5 21.5 48 48 48h416c26.5 0 48-21.5 48-48v-16c0-70.7-57.3-128-128-128z\"><\/path><\/svg>\t\t\t\t<\/div>\n\t\t\t\n\t\t\t<div class=\"xpro-infolist-content\">\n\t\t\t\t                <h2 class=\"xpro-infolist-title\"> Hna. Nora Antonelli <\/h2>\n                \t\t\t\t\t\t\t<\/div>\n\t\t\t\t\t<\/li>\n\t\t\t<li class=\"xpro-infolist-item elementor-repeater-item-d83573e\">\n\t\t\t\t\t\t\t\t\t\t<div class=\"xpro-infolist-media xpro-infolist-media-type-icon\">\n\t\t\t\t\t<svg aria-hidden=\"true\" class=\"e-font-icon-svg e-fas-map-marker-alt\" viewBox=\"0 0 384 512\" xmlns=\"http:\/\/www.w3.org\/2000\/svg\"><path d=\"M172.268 501.67C26.97 291.031 0 269.413 0 192 0 85.961 85.961 0 192 0s192 85.961 192 192c0 77.413-26.97 99.031-172.268 309.67-9.535 13.774-29.93 13.773-39.464 0zM192 272c44.183 0 80-35.817 80-80s-35.817-80-80-80-80 35.817-80 80 35.817 80 80 80z\"><\/path><\/svg>\t\t\t\t<\/div>\n\t\t\t\n\t\t\t<div class=\"xpro-infolist-content\">\n\t\t\t\t                <h2 class=\"xpro-infolist-title\"> Roque P\u00e9rez 2750 (C1430FBF) Ciudad Aut\u00f3noma de Buenos Aires <\/h2>\n                \t\t\t\t\t\t\t<\/div>\n\t\t\t\t\t<\/li>\n\t\t\t<li class=\"xpro-infolist-item elementor-repeater-item-793597d\">\n\t\t\t<a href=\"mailto:profesorado.info@cic.fic.org.ar\"  href=&quot;mailto:profesorado.info@cic.fic.org.ar&quot;>\t\t\t\t\t\t\t<div class=\"xpro-infolist-media xpro-infolist-media-type-icon\">\n\t\t\t\t\t<svg aria-hidden=\"true\" class=\"e-font-icon-svg e-fas-envelope\" viewBox=\"0 0 512 512\" xmlns=\"http:\/\/www.w3.org\/2000\/svg\"><path d=\"M502.3 190.8c3.9-3.1 9.7-.2 9.7 4.7V400c0 26.5-21.5 48-48 48H48c-26.5 0-48-21.5-48-48V195.6c0-5 5.7-7.8 9.7-4.7 22.4 17.4 52.1 39.5 154.1 113.6 21.1 15.4 56.7 47.8 92.2 47.6 35.7.3 72-32.8 92.3-47.6 102-74.1 131.6-96.3 154-113.7zM256 320c23.2.4 56.6-29.2 73.4-41.4 132.7-96.3 142.8-104.7 173.4-128.7 5.8-4.5 9.2-11.5 9.2-18.9v-19c0-26.5-21.5-48-48-48H48C21.5 64 0 85.5 0 112v19c0 7.4 3.4 14.3 9.2 18.9 30.6 23.9 40.7 32.4 173.4 128.7 16.8 12.2 50.2 41.8 73.4 41.4z\"><\/path><\/svg>\t\t\t\t<\/div>\n\t\t\t\n\t\t\t<div class=\"xpro-infolist-content\">\n\t\t\t\t                <h2 class=\"xpro-infolist-title\"> profesorado.info@cic.fic.org.ar <\/h2>\n                \t\t\t\t\t\t\t<\/div>\n\t\t\t<\/a>\t\t<\/li>\n\t<\/ul>\n\t\t\t\t<\/div>\n\t\t\t\t<\/div>\n\t\t\t\t\t<\/details>\n\t\t\t\t\t\t<details id=\"e-n-accordion-item-6884\" class=\"e-n-accordion-item\" >\n\t\t\t\t<summary class=\"e-n-accordion-item-title\" data-accordion-index=\"5\" tabindex=\"-1\" aria-expanded=\"false\" aria-controls=\"e-n-accordion-item-6884\" >\n\t\t\t\t\t<span class='e-n-accordion-item-title-header'><div class=\"e-n-accordion-item-title-text\"> RINC\u00d3N DE ORACI\u00d3N <\/div><\/span>\n\t\t\t\t\t\t\t<span class='e-n-accordion-item-title-icon'>\n\t\t\t<span class='e-opened' ><svg aria-hidden=\"true\" class=\"e-font-icon-svg e-fas-minus\" viewBox=\"0 0 448 512\" xmlns=\"http:\/\/www.w3.org\/2000\/svg\"><path d=\"M416 208H32c-17.67 0-32 14.33-32 32v32c0 17.67 14.33 32 32 32h384c17.67 0 32-14.33 32-32v-32c0-17.67-14.33-32-32-32z\"><\/path><\/svg><\/span>\n\t\t\t<span class='e-closed'><svg aria-hidden=\"true\" class=\"e-font-icon-svg e-fas-plus\" viewBox=\"0 0 448 512\" xmlns=\"http:\/\/www.w3.org\/2000\/svg\"><path d=\"M416 208H272V64c0-17.67-14.33-32-32-32h-32c-17.67 0-32 14.33-32 32v144H32c-17.67 0-32 14.33-32 32v32c0 17.67 14.33 32 32 32h144v144c0 17.67 14.33 32 32 32h32c17.67 0 32-14.33 32-32V304h144c17.67 0 32-14.33 32-32v-32c0-17.67-14.33-32-32-32z\"><\/path><\/svg><\/span>\n\t\t<\/span>\n\n\t\t\t\t\t\t<\/summary>\n\t\t\t\t<div role=\"region\" aria-labelledby=\"e-n-accordion-item-6884\" class=\"elementor-element elementor-element-9a3659d e-con-full e-flex e-con e-child\" data-id=\"9a3659d\" data-element_type=\"container\" data-e-type=\"container\">\n\t\t<div role=\"region\" aria-labelledby=\"e-n-accordion-item-6884\" class=\"elementor-element elementor-element-12fd60d e-con-full e-flex e-con e-child\" data-id=\"12fd60d\" data-element_type=\"container\" data-e-type=\"container\">\n\t\t\t\t<div class=\"elementor-element elementor-element-95d16ba elementor-widget elementor-widget-image\" data-id=\"95d16ba\" data-element_type=\"widget\" data-e-type=\"widget\" data-widget_type=\"image.default\">\n\t\t\t\t\t\t\t\t\t\t\t\t\t\t\t<img loading=\"lazy\" decoding=\"async\" width=\"319\" height=\"382\" src=\"https:\/\/cichost.m344.net\/instituto\/wp-content\/uploads\/2025\/12\/dame-de-beber-1-319x382-1.jpg\" class=\"attachment-large size-large wp-image-557\" alt=\"\" srcset=\"https:\/\/cichost.m344.net\/instituto\/wp-content\/uploads\/2025\/12\/dame-de-beber-1-319x382-1.jpg 319w, https:\/\/cichost.m344.net\/instituto\/wp-content\/uploads\/2025\/12\/dame-de-beber-1-319x382-1-251x300.jpg 251w\" sizes=\"(max-width: 319px) 100vw, 319px\" \/>\t\t\t\t\t\t\t\t\t\t\t\t\t\t\t<\/div>\n\t\t\t\t<\/div>\n\t\t<div role=\"region\" aria-labelledby=\"e-n-accordion-item-6884\" class=\"elementor-element elementor-element-26a7b76 e-con-full e-flex e-con e-child\" data-id=\"26a7b76\" data-element_type=\"container\" data-e-type=\"container\">\n\t\t\t\t<div class=\"elementor-element elementor-element-6aca7d7 elementor-align-left elementor-widget elementor-widget-xpro-infolist\" data-id=\"6aca7d7\" data-element_type=\"widget\" data-e-type=\"widget\" data-widget_type=\"xpro-infolist.default\">\n\t\t\t\t\t<ul class=\"xpro-infolist-wrapper xpro-infolist-layout-vertical\">\n\t\t\t<li class=\"xpro-infolist-item elementor-repeater-item-4dd9d38\">\n\t\t\t\t\t\t\t\t\t\t<div class=\"xpro-infolist-media xpro-infolist-media-type-icon\">\n\t\t\t\t\t<svg aria-hidden=\"true\" class=\"e-font-icon-svg e-fas-praying-hands\" viewBox=\"0 0 640 512\" xmlns=\"http:\/\/www.w3.org\/2000\/svg\"><path d=\"M272 191.91c-17.6 0-32 14.4-32 32v80c0 8.84-7.16 16-16 16s-16-7.16-16-16v-76.55c0-17.39 4.72-34.47 13.69-49.39l77.75-129.59c9.09-15.16 4.19-34.81-10.97-43.91-14.45-8.67-32.72-4.3-42.3 9.21-.2.23-.62.21-.79.48l-117.26 175.9C117.56 205.9 112 224.31 112 243.29v80.23l-90.12 30.04A31.974 31.974 0 0 0 0 383.91v96c0 10.82 8.52 32 32 32 2.69 0 5.41-.34 8.06-1.03l179.19-46.62C269.16 449.99 304 403.8 304 351.91v-128c0-17.6-14.4-32-32-32zm346.12 161.73L528 323.6v-80.23c0-18.98-5.56-37.39-16.12-53.23L394.62 14.25c-.18-.27-.59-.24-.79-.48-9.58-13.51-27.85-17.88-42.3-9.21-15.16 9.09-20.06 28.75-10.97 43.91l77.75 129.59c8.97 14.92 13.69 32 13.69 49.39V304c0 8.84-7.16 16-16 16s-16-7.16-16-16v-80c0-17.6-14.4-32-32-32s-32 14.4-32 32v128c0 51.89 34.84 98.08 84.75 112.34l179.19 46.62c2.66.69 5.38 1.03 8.06 1.03 23.48 0 32-21.18 32-32v-96c0-13.77-8.81-25.99-21.88-30.35z\"><\/path><\/svg>\t\t\t\t<\/div>\n\t\t\t\n\t\t\t<div class=\"xpro-infolist-content\">\n\t\t\t\t                <h2 class=\"xpro-infolist-title\"> Novena al Divino Rostro <\/h2>\n                \t\t\t\t\t\t\t\t\t<p class=\"xpro-infolist-desc\">Adoraci\u00f3n eucar\u00edstica<\/p>\n\t\t\t\t\t\t\t<\/div>\n\t\t\t\t\t<\/li>\n\t\t\t<li class=\"xpro-infolist-item elementor-repeater-item-537abee\">\n\t\t\t<a href=\"https:\/\/rezandovoy.org\/\"  target=&quot;_blank&quot; href=&quot;https:\/\/rezandovoy.org\/&quot;>\t\t\t\t\t\t\t<div class=\"xpro-infolist-media xpro-infolist-media-type-icon\">\n\t\t\t\t\t<svg aria-hidden=\"true\" class=\"e-font-icon-svg e-fas-praying-hands\" viewBox=\"0 0 640 512\" xmlns=\"http:\/\/www.w3.org\/2000\/svg\"><path d=\"M272 191.91c-17.6 0-32 14.4-32 32v80c0 8.84-7.16 16-16 16s-16-7.16-16-16v-76.55c0-17.39 4.72-34.47 13.69-49.39l77.75-129.59c9.09-15.16 4.19-34.81-10.97-43.91-14.45-8.67-32.72-4.3-42.3 9.21-.2.23-.62.21-.79.48l-117.26 175.9C117.56 205.9 112 224.31 112 243.29v80.23l-90.12 30.04A31.974 31.974 0 0 0 0 383.91v96c0 10.82 8.52 32 32 32 2.69 0 5.41-.34 8.06-1.03l179.19-46.62C269.16 449.99 304 403.8 304 351.91v-128c0-17.6-14.4-32-32-32zm346.12 161.73L528 323.6v-80.23c0-18.98-5.56-37.39-16.12-53.23L394.62 14.25c-.18-.27-.59-.24-.79-.48-9.58-13.51-27.85-17.88-42.3-9.21-15.16 9.09-20.06 28.75-10.97 43.91l77.75 129.59c8.97 14.92 13.69 32 13.69 49.39V304c0 8.84-7.16 16-16 16s-16-7.16-16-16v-80c0-17.6-14.4-32-32-32s-32 14.4-32 32v128c0 51.89 34.84 98.08 84.75 112.34l179.19 46.62c2.66.69 5.38 1.03 8.06 1.03 23.48 0 32-21.18 32-32v-96c0-13.77-8.81-25.99-21.88-30.35z\"><\/path><\/svg>\t\t\t\t<\/div>\n\t\t\t\n\t\t\t<div class=\"xpro-infolist-content\">\n\t\t\t\t                <h2 class=\"xpro-infolist-title\"> Rezando Hoy <\/h2>\n                \t\t\t\t\t\t\t\t\t<p class=\"xpro-infolist-desc\">Vive la fe desde lo cotidiano<\/p>\n\t\t\t\t\t\t\t<\/div>\n\t\t\t<\/a>\t\t<\/li>\n\t\t\t<li class=\"xpro-infolist-item elementor-repeater-item-de3d6b8\">\n\t\t\t<a href=\"https:\/\/evangeliodeldia.org\/SP\/gospel\"  target=&quot;_blank&quot; href=&quot;https:\/\/evangeliodeldia.org\/SP\/gospel&quot;>\t\t\t\t\t\t\t<div class=\"xpro-infolist-media xpro-infolist-media-type-icon\">\n\t\t\t\t\t<svg aria-hidden=\"true\" class=\"e-font-icon-svg e-fas-calendar-alt\" viewBox=\"0 0 448 512\" xmlns=\"http:\/\/www.w3.org\/2000\/svg\"><path d=\"M0 464c0 26.5 21.5 48 48 48h352c26.5 0 48-21.5 48-48V192H0v272zm320-196c0-6.6 5.4-12 12-12h40c6.6 0 12 5.4 12 12v40c0 6.6-5.4 12-12 12h-40c-6.6 0-12-5.4-12-12v-40zm0 128c0-6.6 5.4-12 12-12h40c6.6 0 12 5.4 12 12v40c0 6.6-5.4 12-12 12h-40c-6.6 0-12-5.4-12-12v-40zM192 268c0-6.6 5.4-12 12-12h40c6.6 0 12 5.4 12 12v40c0 6.6-5.4 12-12 12h-40c-6.6 0-12-5.4-12-12v-40zm0 128c0-6.6 5.4-12 12-12h40c6.6 0 12 5.4 12 12v40c0 6.6-5.4 12-12 12h-40c-6.6 0-12-5.4-12-12v-40zM64 268c0-6.6 5.4-12 12-12h40c6.6 0 12 5.4 12 12v40c0 6.6-5.4 12-12 12H76c-6.6 0-12-5.4-12-12v-40zm0 128c0-6.6 5.4-12 12-12h40c6.6 0 12 5.4 12 12v40c0 6.6-5.4 12-12 12H76c-6.6 0-12-5.4-12-12v-40zM400 64h-48V16c0-8.8-7.2-16-16-16h-32c-8.8 0-16 7.2-16 16v48H160V16c0-8.8-7.2-16-16-16h-32c-8.8 0-16 7.2-16 16v48H48C21.5 64 0 85.5 0 112v48h448v-48c0-26.5-21.5-48-48-48z\"><\/path><\/svg>\t\t\t\t<\/div>\n\t\t\t\n\t\t\t<div class=\"xpro-infolist-content\">\n\t\t\t\t                <h2 class=\"xpro-infolist-title\"> El Evangelio del D\u00eda <\/h2>\n                \t\t\t\t\t\t\t\t\t<p class=\"xpro-infolist-desc\">Santo del d\u00eda. T\u00edtulo lit\u00fargico. El Evangelio seg\u00fan...<\/p>\n\t\t\t\t\t\t\t<\/div>\n\t\t\t<\/a>\t\t<\/li>\n\t\t\t<li class=\"xpro-infolist-item elementor-repeater-item-831ebc5\">\n\t\t\t<a href=\"https:\/\/canalorbe21.com\/2023\/11\/02\/vivo-21\/\"  href=&quot;https:\/\/canalorbe21.com\/2023\/11\/02\/vivo-21\/&quot;>\t\t\t\t\t\t\t<div class=\"xpro-infolist-media xpro-infolist-media-type-icon\">\n\t\t\t\t\t<svg aria-hidden=\"true\" class=\"e-font-icon-svg e-fas-desktop\" viewBox=\"0 0 576 512\" xmlns=\"http:\/\/www.w3.org\/2000\/svg\"><path d=\"M528 0H48C21.5 0 0 21.5 0 48v320c0 26.5 21.5 48 48 48h192l-16 48h-72c-13.3 0-24 10.7-24 24s10.7 24 24 24h272c13.3 0 24-10.7 24-24s-10.7-24-24-24h-72l-16-48h192c26.5 0 48-21.5 48-48V48c0-26.5-21.5-48-48-48zm-16 352H64V64h448v288z\"><\/path><\/svg>\t\t\t\t<\/div>\n\t\t\t\n\t\t\t<div class=\"xpro-infolist-content\">\n\t\t\t\t                <h2 class=\"xpro-infolist-title\"> Escuchar la Misa desde Casa <\/h2>\n                \t\t\t\t\t\t\t\t\t<p class=\"xpro-infolist-desc\">Canal Orbe21<\/p>\n\t\t\t\t\t\t\t<\/div>\n\t\t\t<\/a>\t\t<\/li>\n\t\t\t<li class=\"xpro-infolist-item elementor-repeater-item-6ccea0d\">\n\t\t\t<a href=\"https:\/\/radiomaria.org.ar\/escuchar-en-vivo\/\"  href=&quot;https:\/\/radiomaria.org.ar\/escuchar-en-vivo\/&quot;>\t\t\t\t\t\t\t<div class=\"xpro-infolist-media xpro-infolist-media-type-icon\">\n\t\t\t\t\t<i aria-hidden=\"true\" class=\"icon icon-volume-low-dark\"><\/i>\t\t\t\t<\/div>\n\t\t\t\n\t\t\t<div class=\"xpro-infolist-content\">\n\t\t\t\t                <h2 class=\"xpro-infolist-title\"> Escuchar la Misa por la Radio <\/h2>\n                \t\t\t\t\t\t\t\t\t<p class=\"xpro-infolist-desc\">Radio Mar\u00eda Online<\/p>\n\t\t\t\t\t\t\t<\/div>\n\t\t\t<\/a>\t\t<\/li>\n\t\t\t<li class=\"xpro-infolist-item elementor-repeater-item-6f29950\">\n\t\t\t\t\t\t\t\t\t\t<div class=\"xpro-infolist-media xpro-infolist-media-type-icon\">\n\t\t\t\t\t<svg aria-hidden=\"true\" class=\"e-font-icon-svg e-fas-church\" viewBox=\"0 0 640 512\" xmlns=\"http:\/\/www.w3.org\/2000\/svg\"><path d=\"M464.46 246.68L352 179.2V128h48c8.84 0 16-7.16 16-16V80c0-8.84-7.16-16-16-16h-48V16c0-8.84-7.16-16-16-16h-32c-8.84 0-16 7.16-16 16v48h-48c-8.84 0-16 7.16-16 16v32c0 8.84 7.16 16 16 16h48v51.2l-112.46 67.48A31.997 31.997 0 0 0 160 274.12V512h96v-96c0-35.35 28.65-64 64-64s64 28.65 64 64v96h96V274.12c0-11.24-5.9-21.66-15.54-27.44zM0 395.96V496c0 8.84 7.16 16 16 16h112V320L19.39 366.54A32.024 32.024 0 0 0 0 395.96zm620.61-29.42L512 320v192h112c8.84 0 16-7.16 16-16V395.96c0-12.8-7.63-24.37-19.39-29.42z\"><\/path><\/svg>\t\t\t\t<\/div>\n\t\t\t\n\t\t\t<div class=\"xpro-infolist-content\">\n\t\t\t\t                <h2 class=\"xpro-infolist-title\"> Comuni\u00f3n Espitual <\/h2>\n                \t\t\t\t\t\t\t\t\t<p class=\"xpro-infolist-desc\">Creo, Jes\u00fas m\u00edo,\nque est\u00e1s real\ny verdaderamente en el cielo\ny en el Sant\u00edsimo Sacramento del Altar.\nTe amo sobre todas las cosas\ny deseo vivamente recibirte\ndentro de mi alma,\npero no pudiendo hacerlo\nahora sacramentalmente,\nven al menos\nespiritualmente a mi coraz\u00f3n.\nY como si ya te hubiese recibido,\nte abrazo y me uno del todo a Ti.\nSe\u00f1or, no permitas que jam\u00e1s me aparte de Ti. Am\u00e9n.<\/p>\n\t\t\t\t\t\t\t<\/div>\n\t\t\t\t\t<\/li>\n\t<\/ul>\n\t\t\t\t<\/div>\n\t\t\t\t<\/div>\n\t\t\t\t<\/div>\n\t\t\t\t\t<\/details>\n\t\t\t\t\t<\/div>\n\t\t\t\t\t\t<\/div>\n\t\t\t\t\t<\/div>\n\t\t<\/div>\n\t\t\t\t\t<\/div>\n\t\t<\/section>\n\t\t\t\t<section class=\"elementor-section elementor-top-section elementor-element elementor-element-c5b5084 elementor-section-boxed elementor-section-height-default elementor-section-height-default\" data-id=\"c5b5084\" data-element_type=\"section\" data-e-type=\"section\" data-settings=\"{&quot;background_background&quot;:&quot;classic&quot;}\">\n\t\t\t\t\t\t<div class=\"elementor-container elementor-column-gap-default\">\n\t\t\t\t\t<div class=\"elementor-column elementor-col-33 elementor-top-column elementor-element elementor-element-d62f491\" data-id=\"d62f491\" data-element_type=\"column\" data-e-type=\"column\">\n\t\t\t<div class=\"elementor-widget-wrap elementor-element-populated\">\n\t\t\t\t\t\t<div class=\"elementor-element elementor-element-9027570 elementor-widget__width-initial elementor-widget elementor-widget-xpro-site-logo\" data-id=\"9027570\" data-element_type=\"widget\" data-e-type=\"widget\" data-widget_type=\"xpro-site-logo.default\">\n\t\t\t\t\t<a href=\"https:\/\/cichost.m344.net\/instituto\">\n\t<div class=\"xpro-site-logo\">\n\t\t<img decoding=\"async\" width=\"300\" height=\"131\" src=\"https:\/\/cichost.m344.net\/instituto\/wp-content\/uploads\/2025\/11\/Escudo-Fic-Completo-1-300x131.png\" class=\"attachment-medium size-medium wp-image-154\" alt=\"\" srcset=\"https:\/\/cichost.m344.net\/instituto\/wp-content\/uploads\/2025\/11\/Escudo-Fic-Completo-1-300x131.png 300w, https:\/\/cichost.m344.net\/instituto\/wp-content\/uploads\/2025\/11\/Escudo-Fic-Completo-1-1024x448.png 1024w, https:\/\/cichost.m344.net\/instituto\/wp-content\/uploads\/2025\/11\/Escudo-Fic-Completo-1-768x336.png 768w, https:\/\/cichost.m344.net\/instituto\/wp-content\/uploads\/2025\/11\/Escudo-Fic-Completo-1-1536x672.png 1536w, https:\/\/cichost.m344.net\/instituto\/wp-content\/uploads\/2025\/11\/Escudo-Fic-Completo-1.png 1890w\" sizes=\"(max-width: 300px) 100vw, 300px\" \/>\t<\/div>\n<\/a>\n\t\t\t\t<\/div>\n\t\t\t\t<div class=\"elementor-element elementor-element-284462d elementor-widget elementor-widget-heading\" data-id=\"284462d\" data-element_type=\"widget\" data-e-type=\"widget\" data-widget_type=\"heading.default\">\n\t\t\t\t\t<h5 class=\"elementor-heading-title elementor-size-default\">Proyecto Educativo Institucional<\/h5>\t\t\t\t<\/div>\n\t\t\t\t<div class=\"elementor-element elementor-element-4db2dde elementor-widget__width-initial elementor-widget elementor-widget-text-editor\" data-id=\"4db2dde\" data-element_type=\"widget\" data-e-type=\"widget\" data-widget_type=\"text-editor.default\">\n\t\t\t\t\t\t\t\t\t<p>Nuestra escuela busca la formaci\u00f3n integral de los educandos, mediante la asimilaci\u00f3n sistem\u00e1tica y cr\u00edtica de la cultura. Y a su vez, como escuela cat\u00f3lica est\u00e1 orientada a la actividad misional y apost\u00f3lica.<\/p><p><a href=\"https:\/\/cichost.m344.net\/instituto\/nosotros\/\"><strong>Conoce m\u00e1s&#8230;<\/strong><\/a><\/p>\t\t\t\t\t\t\t\t<\/div>\n\t\t\t\t\t<\/div>\n\t\t<\/div>\n\t\t\t\t<div class=\"elementor-column elementor-col-33 elementor-top-column elementor-element elementor-element-45b44a4\" data-id=\"45b44a4\" data-element_type=\"column\" data-e-type=\"column\">\n\t\t\t<div class=\"elementor-widget-wrap elementor-element-populated\">\n\t\t\t\t\t\t<div class=\"elementor-element elementor-element-9af2c72 elementor-widget__width-initial elementor-widget elementor-widget-image\" data-id=\"9af2c72\" data-element_type=\"widget\" data-e-type=\"widget\" data-widget_type=\"image.default\">\n\t\t\t\t\t\t\t\t\t\t\t\t\t\t\t<img loading=\"lazy\" decoding=\"async\" width=\"200\" height=\"200\" src=\"https:\/\/cichost.m344.net\/instituto\/wp-content\/uploads\/2025\/11\/logo-capilla-w-200.png\" class=\"attachment-large size-large wp-image-209\" alt=\"\" srcset=\"https:\/\/cichost.m344.net\/instituto\/wp-content\/uploads\/2025\/11\/logo-capilla-w-200.png 200w, https:\/\/cichost.m344.net\/instituto\/wp-content\/uploads\/2025\/11\/logo-capilla-w-200-150x150.png 150w\" sizes=\"(max-width: 200px) 100vw, 200px\" \/>\t\t\t\t\t\t\t\t\t\t\t\t\t\t\t<\/div>\n\t\t\t\t\t<\/div>\n\t\t<\/div>\n\t\t\t\t<div class=\"elementor-column elementor-col-33 elementor-top-column elementor-element elementor-element-48eb912\" data-id=\"48eb912\" data-element_type=\"column\" data-e-type=\"column\">\n\t\t\t<div class=\"elementor-widget-wrap elementor-element-populated\">\n\t\t\t\t\t\t<div class=\"elementor-element elementor-element-618b6f6 elementor-widget elementor-widget-xpro-heading\" data-id=\"618b6f6\" data-element_type=\"widget\" data-e-type=\"widget\" data-widget_type=\"xpro-heading.default\">\n\t\t\t\t\t<div class=\"xpro-heading-wrapper xpro-simple-heading-wrapper\">\n\t<h2 class=\"xpro-heading-title\">Capilla Inmaculada Concepci\u00f3n <\/h2><\/div>\n\t\t\t\t<\/div>\n\t\t\t\t<div class=\"elementor-element elementor-element-7c7f1ca elementor-align-left elementor-widget elementor-widget-xpro-infolist\" data-id=\"7c7f1ca\" data-element_type=\"widget\" data-e-type=\"widget\" data-widget_type=\"xpro-infolist.default\">\n\t\t\t\t\t<ul class=\"xpro-infolist-wrapper xpro-infolist-layout-vertical\">\n\t\t\t<li class=\"xpro-infolist-item elementor-repeater-item-4ac8181\">\n\t\t\t\t\t\t\t\t\t\t<div class=\"xpro-infolist-media xpro-infolist-media-type-icon\">\n\t\t\t\t\t<svg aria-hidden=\"true\" class=\"e-font-icon-svg e-fas-clock\" viewBox=\"0 0 512 512\" xmlns=\"http:\/\/www.w3.org\/2000\/svg\"><path d=\"M256,8C119,8,8,119,8,256S119,504,256,504,504,393,504,256,393,8,256,8Zm92.49,313h0l-20,25a16,16,0,0,1-22.49,2.5h0l-67-49.72a40,40,0,0,1-15-31.23V112a16,16,0,0,1,16-16h32a16,16,0,0,1,16,16V256l58,42.5A16,16,0,0,1,348.49,321Z\"><\/path><\/svg>\t\t\t\t<\/div>\n\t\t\t\n\t\t\t<div class=\"xpro-infolist-content\">\n\t\t\t\t                <h2 class=\"xpro-infolist-title\"> Horarios de Misa: <\/h2>\n                \t\t\t\t\t\t\t\t\t<p class=\"xpro-infolist-desc\">Domingos 10 hs.\nLos d\u00edas 2 de cada mes: Verano 18.30 hs. y en Invierno 18:00 hs\nMartes 18 hs. Rosario, Misa y Adoraci\u00f3n reparadora<\/p>\n\t\t\t\t\t\t\t<\/div>\n\t\t\t\t\t<\/li>\n\t\t\t<li class=\"xpro-infolist-item elementor-repeater-item-52826d9\">\n\t\t\t<a href=\"https:\/\/www.google.com\/maps\/place\/Mario+Bravo+589,+C1175ABI+Cdad.+Aut%C3%B3noma+de+Buenos+Aires\/@-34.6026565,-58.419052,17z\/data=!3m1!4b1!4m6!3m5!1s0x95bcca8a1d1b41f7:0x68941a139e469377!8m2!3d-34.6026565!4d-58.4164771!16s%2Fg%2F11jzwmx8j8?entry=ttu&#038;g_ep=EgoyMDI1MTExNy4wIKXMDSoASAFQAw%3D%3D\"  target=&quot;_blank&quot; href=&quot;https:\/\/www.google.com\/maps\/place\/Mario+Bravo+589,+C1175ABI+Cdad.+Aut%C3%B3noma+de+Buenos+Aires\/@-34.6026565,-58.419052,17z\/data=!3m1!4b1!4m6!3m5!1s0x95bcca8a1d1b41f7:0x68941a139e469377!8m2!3d-34.6026565!4d-58.4164771!16s%2Fg%2F11jzwmx8j8?entry=ttu&#038;g_ep=EgoyMDI1MTExNy4wIKXMDSoASAFQAw%3D%3D&quot;>\t\t\t\t\t\t\t<div class=\"xpro-infolist-media xpro-infolist-media-type-icon\">\n\t\t\t\t\t<svg aria-hidden=\"true\" class=\"e-font-icon-svg e-fas-map-marker-alt\" viewBox=\"0 0 384 512\" xmlns=\"http:\/\/www.w3.org\/2000\/svg\"><path d=\"M172.268 501.67C26.97 291.031 0 269.413 0 192 0 85.961 85.961 0 192 0s192 85.961 192 192c0 77.413-26.97 99.031-172.268 309.67-9.535 13.774-29.93 13.773-39.464 0zM192 272c44.183 0 80-35.817 80-80s-35.817-80-80-80-80 35.817-80 80 35.817 80 80 80z\"><\/path><\/svg>\t\t\t\t<\/div>\n\t\t\t\n\t\t\t<div class=\"xpro-infolist-content\">\n\t\t\t\t                <h2 class=\"xpro-infolist-title\"> Ubicaci\u00f3n <\/h2>\n                \t\t\t\t\t\t\t\t\t<p class=\"xpro-infolist-desc\">Mario Bravo 589\nCiudad Aut\u00f3noma de Buenos Aires<\/p>\n\t\t\t\t\t\t\t<\/div>\n\t\t\t<\/a>\t\t<\/li>\n\t<\/ul>\n\t\t\t\t<\/div>\n\t\t\t\t\t<\/div>\n\t\t<\/div>\n\t\t\t\t\t<\/div>\n\t\t<\/section>\n\t\t\t\t<section class=\"elementor-section elementor-top-section elementor-element elementor-element-f02048e elementor-section-boxed elementor-section-height-default elementor-section-height-default\" data-id=\"f02048e\" data-element_type=\"section\" data-e-type=\"section\" data-settings=\"{&quot;background_background&quot;:&quot;classic&quot;}\">\n\t\t\t\t\t\t<div class=\"elementor-container elementor-column-gap-default\">\n\t\t\t\t\t<div class=\"elementor-column elementor-col-100 elementor-top-column elementor-element elementor-element-0b9d430\" data-id=\"0b9d430\" data-element_type=\"column\" data-e-type=\"column\">\n\t\t\t<div class=\"elementor-widget-wrap elementor-element-populated\">\n\t\t\t\t\t\t<div class=\"elementor-element elementor-element-e9a3ca2 elementor-widget elementor-widget-text-editor\" data-id=\"e9a3ca2\" data-element_type=\"widget\" data-e-type=\"widget\" data-widget_type=\"text-editor.default\">\n\t\t\t\t\t\t\t\t\t<p>INSTITUTO INMACULADA CONCEPCI\u00d3N \u00a9 2026 &#8211; Todos los derechos reservados.<\/p>\t\t\t\t\t\t\t\t<\/div>\n\t\t\t\t\t<\/div>\n\t\t<\/div>\n\t\t\t\t\t<\/div>\n\t\t<\/section>\n\t\t\t\t<\/div>\n\t\t\n    <div class=\"xs_social_share_widget xs_share_url after_content \t\tmain_content  wslu-style-1 wslu-share-box-shaped wslu-fill-colored wslu-none wslu-share-horizontal wslu-theme-font-no wslu-main_content\">\n\n\t\t\n        <ul>\n\t\t\t        <\/ul>\n    <\/div> \n","protected":false},"excerpt":{"rendered":"<p>Mario Bravo 563 C1175ABI CABA +5411 7093-2120 Lu a Vi: 8.00 a 17.00 info@cic.fic.org.ar Inicio Propuesta Educativa Nivel Inicial Nivel Primario Nivel Medio Nivel Superior Vida Escolar Orientaci\u00f3n Instituto de Ingl\u00e9s Ateneo Campus Ex Alumnos Novedades Pastoral Nosotros Administraci\u00f3n Secretar\u00eda Recursos Humanos Congregaci\u00f3n Contacto INSCRIPCIONES ATENEO DEPORTIVO CONGREGACI\u00d3N CAMPUS VIRTUAL ARANCELES XHENDRA Proyecto Pastoral La [&hellip;]<\/p>\n","protected":false},"author":1,"featured_media":0,"parent":0,"menu_order":0,"comment_status":"closed","ping_status":"closed","template":"elementor_canvas","meta":{"footnotes":""},"class_list":["post-70","page","type-page","status-publish","hentry"],"yoast_head":"<!-- This site is optimized with the Yoast SEO plugin v26.9 - https:\/\/yoast.com\/product\/yoast-seo-wordpress\/ -->\n<title>Pastoral - Instituto Inmaculada Concepci\u00f3n<\/title>\n<meta name=\"robots\" content=\"index, follow, max-snippet:-1, max-image-preview:large, max-video-preview:-1\" \/>\n<link rel=\"canonical\" href=\"https:\/\/cichost.m344.net\/instituto\/pastoral\/\" \/>\n<meta property=\"og:locale\" content=\"es_ES\" \/>\n<meta property=\"og:type\" content=\"article\" \/>\n<meta property=\"og:title\" content=\"Pastoral - Instituto Inmaculada Concepci\u00f3n\" \/>\n<meta property=\"og:description\" content=\"Mario Bravo 563 C1175ABI CABA +5411 7093-2120 Lu a Vi: 8.00 a 17.00 info@cic.fic.org.ar Inicio Propuesta Educativa Nivel Inicial Nivel Primario Nivel Medio Nivel Superior Vida Escolar Orientaci\u00f3n Instituto de Ingl\u00e9s Ateneo Campus Ex Alumnos Novedades Pastoral Nosotros Administraci\u00f3n Secretar\u00eda Recursos Humanos Congregaci\u00f3n Contacto INSCRIPCIONES ATENEO DEPORTIVO CONGREGACI\u00d3N CAMPUS VIRTUAL ARANCELES XHENDRA Proyecto Pastoral La [&hellip;]\" \/>\n<meta property=\"og:url\" content=\"https:\/\/cichost.m344.net\/instituto\/pastoral\/\" \/>\n<meta property=\"og:site_name\" content=\"Instituto Inmaculada Concepci\u00f3n\" \/>\n<meta property=\"article:modified_time\" content=\"2026-02-13T14:38:47+00:00\" \/>\n<meta property=\"og:image\" content=\"https:\/\/cichost.m344.net\/instituto\/wp-content\/uploads\/2025\/11\/Escudo-Fic-Completo-1.png\" \/>\n\t<meta property=\"og:image:width\" content=\"1890\" \/>\n\t<meta property=\"og:image:height\" content=\"827\" \/>\n\t<meta property=\"og:image:type\" content=\"image\/png\" \/>\n<meta name=\"twitter:card\" content=\"summary_large_image\" \/>\n<meta name=\"twitter:label1\" content=\"Tiempo de lectura\" \/>\n\t<meta name=\"twitter:data1\" content=\"28 minutos\" \/>\n<script type=\"application\/ld+json\" class=\"yoast-schema-graph\">{\"@context\":\"https:\/\/schema.org\",\"@graph\":[{\"@type\":\"WebPage\",\"@id\":\"https:\/\/cichost.m344.net\/instituto\/pastoral\/\",\"url\":\"https:\/\/cichost.m344.net\/instituto\/pastoral\/\",\"name\":\"Pastoral - Instituto Inmaculada Concepci\u00f3n\",\"isPartOf\":{\"@id\":\"https:\/\/cichost.m344.net\/instituto\/#website\"},\"primaryImageOfPage\":{\"@id\":\"https:\/\/cichost.m344.net\/instituto\/pastoral\/#primaryimage\"},\"image\":{\"@id\":\"https:\/\/cichost.m344.net\/instituto\/pastoral\/#primaryimage\"},\"thumbnailUrl\":\"https:\/\/cichost.m344.net\/instituto\/wp-content\/uploads\/2025\/11\/Escudo-Fic-Completo-1-300x131.png\",\"datePublished\":\"2025-11-14T19:01:56+00:00\",\"dateModified\":\"2026-02-13T14:38:47+00:00\",\"breadcrumb\":{\"@id\":\"https:\/\/cichost.m344.net\/instituto\/pastoral\/#breadcrumb\"},\"inLanguage\":\"es\",\"potentialAction\":[{\"@type\":\"ReadAction\",\"target\":[\"https:\/\/cichost.m344.net\/instituto\/pastoral\/\"]}]},{\"@type\":\"ImageObject\",\"inLanguage\":\"es\",\"@id\":\"https:\/\/cichost.m344.net\/instituto\/pastoral\/#primaryimage\",\"url\":\"https:\/\/cichost.m344.net\/instituto\/wp-content\/uploads\/2025\/11\/Escudo-Fic-Completo-1.png\",\"contentUrl\":\"https:\/\/cichost.m344.net\/instituto\/wp-content\/uploads\/2025\/11\/Escudo-Fic-Completo-1.png\",\"width\":1890,\"height\":827},{\"@type\":\"BreadcrumbList\",\"@id\":\"https:\/\/cichost.m344.net\/instituto\/pastoral\/#breadcrumb\",\"itemListElement\":[{\"@type\":\"ListItem\",\"position\":1,\"name\":\"Portada\",\"item\":\"https:\/\/cichost.m344.net\/instituto\/\"},{\"@type\":\"ListItem\",\"position\":2,\"name\":\"Pastoral\"}]},{\"@type\":\"WebSite\",\"@id\":\"https:\/\/cichost.m344.net\/instituto\/#website\",\"url\":\"https:\/\/cichost.m344.net\/instituto\/\",\"name\":\"Instituto Inmaculada Concepci\u00f3n\",\"description\":\"Formamos J\u00f3venes Cat\u00f3licos y Argentinos\",\"publisher\":{\"@id\":\"https:\/\/cichost.m344.net\/instituto\/#organization\"},\"potentialAction\":[{\"@type\":\"SearchAction\",\"target\":{\"@type\":\"EntryPoint\",\"urlTemplate\":\"https:\/\/cichost.m344.net\/instituto\/?s={search_term_string}\"},\"query-input\":{\"@type\":\"PropertyValueSpecification\",\"valueRequired\":true,\"valueName\":\"search_term_string\"}}],\"inLanguage\":\"es\"},{\"@type\":\"Organization\",\"@id\":\"https:\/\/cichost.m344.net\/instituto\/#organization\",\"name\":\"Instituto Inmaculada Concepci\u00f3n\",\"url\":\"https:\/\/cichost.m344.net\/instituto\/\",\"logo\":{\"@type\":\"ImageObject\",\"inLanguage\":\"es\",\"@id\":\"https:\/\/cichost.m344.net\/instituto\/#\/schema\/logo\/image\/\",\"url\":\"https:\/\/cichost.m344.net\/instituto\/wp-content\/uploads\/2025\/11\/cropped-logo-1-1-e1763124917907-1.png\",\"contentUrl\":\"https:\/\/cichost.m344.net\/instituto\/wp-content\/uploads\/2025\/11\/cropped-logo-1-1-e1763124917907-1.png\",\"width\":300,\"height\":268,\"caption\":\"Instituto Inmaculada Concepci\u00f3n\"},\"image\":{\"@id\":\"https:\/\/cichost.m344.net\/instituto\/#\/schema\/logo\/image\/\"}}]}<\/script>\n<!-- \/ Yoast SEO plugin. -->","yoast_head_json":{"title":"Pastoral - Instituto Inmaculada Concepci\u00f3n","robots":{"index":"index","follow":"follow","max-snippet":"max-snippet:-1","max-image-preview":"max-image-preview:large","max-video-preview":"max-video-preview:-1"},"canonical":"https:\/\/cichost.m344.net\/instituto\/pastoral\/","og_locale":"es_ES","og_type":"article","og_title":"Pastoral - Instituto Inmaculada Concepci\u00f3n","og_description":"Mario Bravo 563 C1175ABI CABA +5411 7093-2120 Lu a Vi: 8.00 a 17.00 info@cic.fic.org.ar Inicio Propuesta Educativa Nivel Inicial Nivel Primario Nivel Medio Nivel Superior Vida Escolar Orientaci\u00f3n Instituto de Ingl\u00e9s Ateneo Campus Ex Alumnos Novedades Pastoral Nosotros Administraci\u00f3n Secretar\u00eda Recursos Humanos Congregaci\u00f3n Contacto INSCRIPCIONES ATENEO DEPORTIVO CONGREGACI\u00d3N CAMPUS VIRTUAL ARANCELES XHENDRA Proyecto Pastoral La [&hellip;]","og_url":"https:\/\/cichost.m344.net\/instituto\/pastoral\/","og_site_name":"Instituto Inmaculada Concepci\u00f3n","article_modified_time":"2026-02-13T14:38:47+00:00","og_image":[{"width":1890,"height":827,"url":"https:\/\/cichost.m344.net\/instituto\/wp-content\/uploads\/2025\/11\/Escudo-Fic-Completo-1.png","type":"image\/png"}],"twitter_card":"summary_large_image","twitter_misc":{"Tiempo de lectura":"28 minutos"},"schema":{"@context":"https:\/\/schema.org","@graph":[{"@type":"WebPage","@id":"https:\/\/cichost.m344.net\/instituto\/pastoral\/","url":"https:\/\/cichost.m344.net\/instituto\/pastoral\/","name":"Pastoral - Instituto Inmaculada Concepci\u00f3n","isPartOf":{"@id":"https:\/\/cichost.m344.net\/instituto\/#website"},"primaryImageOfPage":{"@id":"https:\/\/cichost.m344.net\/instituto\/pastoral\/#primaryimage"},"image":{"@id":"https:\/\/cichost.m344.net\/instituto\/pastoral\/#primaryimage"},"thumbnailUrl":"https:\/\/cichost.m344.net\/instituto\/wp-content\/uploads\/2025\/11\/Escudo-Fic-Completo-1-300x131.png","datePublished":"2025-11-14T19:01:56+00:00","dateModified":"2026-02-13T14:38:47+00:00","breadcrumb":{"@id":"https:\/\/cichost.m344.net\/instituto\/pastoral\/#breadcrumb"},"inLanguage":"es","potentialAction":[{"@type":"ReadAction","target":["https:\/\/cichost.m344.net\/instituto\/pastoral\/"]}]},{"@type":"ImageObject","inLanguage":"es","@id":"https:\/\/cichost.m344.net\/instituto\/pastoral\/#primaryimage","url":"https:\/\/cichost.m344.net\/instituto\/wp-content\/uploads\/2025\/11\/Escudo-Fic-Completo-1.png","contentUrl":"https:\/\/cichost.m344.net\/instituto\/wp-content\/uploads\/2025\/11\/Escudo-Fic-Completo-1.png","width":1890,"height":827},{"@type":"BreadcrumbList","@id":"https:\/\/cichost.m344.net\/instituto\/pastoral\/#breadcrumb","itemListElement":[{"@type":"ListItem","position":1,"name":"Portada","item":"https:\/\/cichost.m344.net\/instituto\/"},{"@type":"ListItem","position":2,"name":"Pastoral"}]},{"@type":"WebSite","@id":"https:\/\/cichost.m344.net\/instituto\/#website","url":"https:\/\/cichost.m344.net\/instituto\/","name":"Instituto Inmaculada Concepci\u00f3n","description":"Formamos J\u00f3venes Cat\u00f3licos y Argentinos","publisher":{"@id":"https:\/\/cichost.m344.net\/instituto\/#organization"},"potentialAction":[{"@type":"SearchAction","target":{"@type":"EntryPoint","urlTemplate":"https:\/\/cichost.m344.net\/instituto\/?s={search_term_string}"},"query-input":{"@type":"PropertyValueSpecification","valueRequired":true,"valueName":"search_term_string"}}],"inLanguage":"es"},{"@type":"Organization","@id":"https:\/\/cichost.m344.net\/instituto\/#organization","name":"Instituto Inmaculada Concepci\u00f3n","url":"https:\/\/cichost.m344.net\/instituto\/","logo":{"@type":"ImageObject","inLanguage":"es","@id":"https:\/\/cichost.m344.net\/instituto\/#\/schema\/logo\/image\/","url":"https:\/\/cichost.m344.net\/instituto\/wp-content\/uploads\/2025\/11\/cropped-logo-1-1-e1763124917907-1.png","contentUrl":"https:\/\/cichost.m344.net\/instituto\/wp-content\/uploads\/2025\/11\/cropped-logo-1-1-e1763124917907-1.png","width":300,"height":268,"caption":"Instituto Inmaculada Concepci\u00f3n"},"image":{"@id":"https:\/\/cichost.m344.net\/instituto\/#\/schema\/logo\/image\/"}}]}},"_links":{"self":[{"href":"https:\/\/cichost.m344.net\/instituto\/wp-json\/wp\/v2\/pages\/70","targetHints":{"allow":["GET"]}}],"collection":[{"href":"https:\/\/cichost.m344.net\/instituto\/wp-json\/wp\/v2\/pages"}],"about":[{"href":"https:\/\/cichost.m344.net\/instituto\/wp-json\/wp\/v2\/types\/page"}],"author":[{"embeddable":true,"href":"https:\/\/cichost.m344.net\/instituto\/wp-json\/wp\/v2\/users\/1"}],"replies":[{"embeddable":true,"href":"https:\/\/cichost.m344.net\/instituto\/wp-json\/wp\/v2\/comments?post=70"}],"version-history":[{"count":109,"href":"https:\/\/cichost.m344.net\/instituto\/wp-json\/wp\/v2\/pages\/70\/revisions"}],"predecessor-version":[{"id":1903,"href":"https:\/\/cichost.m344.net\/instituto\/wp-json\/wp\/v2\/pages\/70\/revisions\/1903"}],"wp:attachment":[{"href":"https:\/\/cichost.m344.net\/instituto\/wp-json\/wp\/v2\/media?parent=70"}],"curies":[{"name":"wp","href":"https:\/\/api.w.org\/{rel}","templated":true}]}}